{"id":6726,"date":"2025-05-11T18:50:55","date_gmt":"2025-05-11T18:50:55","guid":{"rendered":"https:\/\/lavereda.com.mx\/?page_id=6726"},"modified":"2026-04-25T19:19:13","modified_gmt":"2026-04-25T19:19:13","slug":"inicio-la-vereda","status":"publish","type":"page","link":"https:\/\/lavereda.com.mx\/","title":{"rendered":"INICIO &#8211; LA VEREDA"},"content":{"rendered":"\t\t<div data-elementor-type=\"wp-page\" data-elementor-id=\"6726\" class=\"elementor elementor-6726\" data-elementor-post-type=\"page\">\n\t\t\t\t\t\t<section class=\"elementor-section elementor-top-section elementor-element elementor-element-3b1ead8 elementor-section-content-middle elementor-section-boxed elementor-section-height-default elementor-section-height-default wpr-particle-no wpr-jarallax-no wpr-parallax-no wpr-sticky-section-no wpr-equal-height-no\" data-id=\"3b1ead8\" data-element_type=\"section\" data-e-type=\"section\" data-settings=\"{&quot;background_background&quot;:&quot;classic&quot;}\">\n\t\t\t\t\t\t<div class=\"elementor-container elementor-column-gap-no\">\n\t\t\t\t\t<div class=\"elementor-column elementor-col-50 elementor-top-column elementor-element elementor-element-5165a6c\" data-id=\"5165a6c\" data-element_type=\"column\" data-e-type=\"column\">\n\t\t\t<div class=\"elementor-widget-wrap elementor-element-populated\">\n\t\t\t\t\t\t<div class=\"elementor-element elementor-element-a6bf31c elementor-icon-list--layout-inline elementor-mobile-align-center elementor-hidden-mobile elementor-list-item-link-full_width elementor-widget elementor-widget-icon-list\" data-id=\"a6bf31c\" data-element_type=\"widget\" data-e-type=\"widget\" data-widget_type=\"icon-list.default\">\n\t\t\t\t<div class=\"elementor-widget-container\">\n\t\t\t\t\t\t\t<ul class=\"elementor-icon-list-items elementor-inline-items\">\n\t\t\t\t\t\t\t<li class=\"elementor-icon-list-item elementor-inline-item\">\n\t\t\t\t\t\t\t\t\t\t\t<a href=\"https:\/\/lavereda.com.mx\/index.php\/quienes-somos\/\">\n\n\t\t\t\t\t\t\t\t\t\t\t<span class=\"elementor-icon-list-text\">QUIENES SOMOS<\/span>\n\t\t\t\t\t\t\t\t\t\t\t<\/a>\n\t\t\t\t\t\t\t\t\t<\/li>\n\t\t\t\t\t\t\t\t<li class=\"elementor-icon-list-item elementor-inline-item\">\n\t\t\t\t\t\t\t\t\t\t\t<a href=\"https:\/\/lavereda.com.mx\/index.php\/colaboraciones\/\">\n\n\t\t\t\t\t\t\t\t\t\t\t\t<span class=\"elementor-icon-list-icon\">\n\t\t\t\t\t\t\t<i aria-hidden=\"true\" class=\"fas fa-dot-circle\"><\/i>\t\t\t\t\t\t<\/span>\n\t\t\t\t\t\t\t\t\t\t<span class=\"elementor-icon-list-text\">COLABORA CON NOSOTROS<\/span>\n\t\t\t\t\t\t\t\t\t\t\t<\/a>\n\t\t\t\t\t\t\t\t\t<\/li>\n\t\t\t\t\t\t\t\t<li class=\"elementor-icon-list-item elementor-inline-item\">\n\t\t\t\t\t\t\t\t\t\t\t<a href=\"https:\/\/lavereda.com.mx\/index.php\/aviso-de-privacidad\/\">\n\n\t\t\t\t\t\t\t\t\t\t\t\t<span class=\"elementor-icon-list-icon\">\n\t\t\t\t\t\t\t<i aria-hidden=\"true\" class=\"fas fa-dot-circle\"><\/i>\t\t\t\t\t\t<\/span>\n\t\t\t\t\t\t\t\t\t\t<span class=\"elementor-icon-list-text\">AVISO DE PRIVACIDAD<\/span>\n\t\t\t\t\t\t\t\t\t\t\t<\/a>\n\t\t\t\t\t\t\t\t\t<\/li>\n\t\t\t\t\t\t\t\t<li class=\"elementor-icon-list-item elementor-inline-item\">\n\t\t\t\t\t\t\t\t\t\t\t<a href=\"https:\/\/lavereda.com.mx\/index.php\/media-kit\">\n\n\t\t\t\t\t\t\t\t\t\t\t\t<span class=\"elementor-icon-list-icon\">\n\t\t\t\t\t\t\t<i aria-hidden=\"true\" class=\"fas fa-dot-circle\"><\/i>\t\t\t\t\t\t<\/span>\n\t\t\t\t\t\t\t\t\t\t<span class=\"elementor-icon-list-text\">MEDIA KIT<\/span>\n\t\t\t\t\t\t\t\t\t\t\t<\/a>\n\t\t\t\t\t\t\t\t\t<\/li>\n\t\t\t\t\t\t<\/ul>\n\t\t\t\t\t\t<\/div>\n\t\t\t\t<\/div>\n\t\t\t\t\t<\/div>\n\t\t<\/div>\n\t\t\t\t<div class=\"elementor-column elementor-col-50 elementor-top-column elementor-element elementor-element-513a5a5\" data-id=\"513a5a5\" data-element_type=\"column\" data-e-type=\"column\">\n\t\t\t<div class=\"elementor-widget-wrap elementor-element-populated\">\n\t\t\t\t\t\t<div class=\"elementor-element elementor-element-e5b6912 e-grid-align-right e-grid-align-mobile-center elementor-shape-rounded elementor-grid-0 elementor-widget elementor-widget-social-icons\" data-id=\"e5b6912\" data-element_type=\"widget\" data-e-type=\"widget\" data-widget_type=\"social-icons.default\">\n\t\t\t\t<div class=\"elementor-widget-container\">\n\t\t\t\t\t\t\t<div class=\"elementor-social-icons-wrapper elementor-grid\" role=\"list\">\n\t\t\t\t\t\t\t<span class=\"elementor-grid-item\" role=\"listitem\">\n\t\t\t\t\t<a class=\"elementor-icon elementor-social-icon elementor-social-icon-facebook elementor-repeater-item-88e63f3\" href=\"https:\/\/www.facebook.com\/RevistaLaVereda\" target=\"_blank\">\n\t\t\t\t\t\t<span class=\"elementor-screen-only\">Facebook<\/span>\n\t\t\t\t\t\t<i aria-hidden=\"true\" class=\"fab fa-facebook\"><\/i>\t\t\t\t\t<\/a>\n\t\t\t\t<\/span>\n\t\t\t\t\t\t\t<span class=\"elementor-grid-item\" role=\"listitem\">\n\t\t\t\t\t<a class=\"elementor-icon elementor-social-icon elementor-social-icon-x-twitter elementor-repeater-item-e4057d1\" href=\"https:\/\/twitter.com\/vereda_revista\" target=\"_blank\">\n\t\t\t\t\t\t<span class=\"elementor-screen-only\">X-twitter<\/span>\n\t\t\t\t\t\t<i aria-hidden=\"true\" class=\"fab fa-x-twitter\"><\/i>\t\t\t\t\t<\/a>\n\t\t\t\t<\/span>\n\t\t\t\t\t<\/div>\n\t\t\t\t\t\t<\/div>\n\t\t\t\t<\/div>\n\t\t\t\t\t<\/div>\n\t\t<\/div>\n\t\t\t\t\t<\/div>\n\t\t<\/section>\n\t\t\t\t<section class=\"elementor-section elementor-top-section elementor-element elementor-element-ebc4470 elementor-section-content-middle elementor-section-boxed elementor-section-height-default elementor-section-height-default wpr-particle-no wpr-jarallax-no wpr-parallax-no wpr-sticky-section-no wpr-equal-height-no\" data-id=\"ebc4470\" data-element_type=\"section\" data-e-type=\"section\" data-settings=\"{&quot;background_background&quot;:&quot;classic&quot;}\">\n\t\t\t\t\t\t<div class=\"elementor-container elementor-column-gap-no\">\n\t\t\t\t\t<div class=\"elementor-column elementor-col-50 elementor-top-column elementor-element elementor-element-8828f54\" data-id=\"8828f54\" data-element_type=\"column\" data-e-type=\"column\">\n\t\t\t<div class=\"elementor-widget-wrap elementor-element-populated\">\n\t\t\t\t\t\t<div class=\"elementor-element elementor-element-6f55603 elementor-widget elementor-widget-image\" data-id=\"6f55603\" data-element_type=\"widget\" data-e-type=\"widget\" data-widget_type=\"image.default\">\n\t\t\t\t<div class=\"elementor-widget-container\">\n\t\t\t\t\t\t\t\t\t\t\t\t\t\t\t\t<a href=\"https:\/\/lavereda.com.mx\">\n\t\t\t\t\t\t\t<img fetchpriority=\"high\" decoding=\"async\" width=\"468\" height=\"140\" src=\"https:\/\/lavereda.com.mx\/wp-content\/uploads\/2025\/05\/Captura-de-pantalla-2025-02-08-103141.webp\" class=\"attachment-large size-large wp-image-6738\" alt=\"\" srcset=\"https:\/\/lavereda.com.mx\/wp-content\/uploads\/2025\/05\/Captura-de-pantalla-2025-02-08-103141.webp 468w, https:\/\/lavereda.com.mx\/wp-content\/uploads\/2025\/05\/Captura-de-pantalla-2025-02-08-103141-300x90.webp 300w\" sizes=\"(max-width: 468px) 100vw, 468px\" \/>\t\t\t\t\t\t\t\t<\/a>\n\t\t\t\t\t\t\t\t\t\t\t\t\t\t\t<\/div>\n\t\t\t\t<\/div>\n\t\t\t\t\t<\/div>\n\t\t<\/div>\n\t\t\t\t<div class=\"elementor-column elementor-col-50 elementor-top-column elementor-element elementor-element-4c36eef\" data-id=\"4c36eef\" data-element_type=\"column\" data-e-type=\"column\">\n\t\t\t<div class=\"elementor-widget-wrap elementor-element-populated\">\n\t\t\t\t\t\t<div class=\"elementor-element elementor-element-84c2516 elementor-hidden-mobile elementor-widget elementor-widget-image\" data-id=\"84c2516\" data-element_type=\"widget\" data-e-type=\"widget\" data-widget_type=\"image.default\">\n\t\t\t\t<div class=\"elementor-widget-container\">\n\t\t\t\t\t\t\t\t\t\t\t\t\t\t\t\t<a href=\"https:\/\/lavereda.com.mx\/index.php\/la-vereda-infantil\/\">\n\t\t\t\t\t\t\t<img decoding=\"async\" width=\"441\" height=\"114\" src=\"https:\/\/lavereda.com.mx\/wp-content\/uploads\/2025\/05\/laveredainfantil.png\" class=\"attachment-large size-large wp-image-6724\" alt=\"\" srcset=\"https:\/\/lavereda.com.mx\/wp-content\/uploads\/2025\/05\/laveredainfantil.png 441w, https:\/\/lavereda.com.mx\/wp-content\/uploads\/2025\/05\/laveredainfantil-300x78.png 300w\" sizes=\"(max-width: 441px) 100vw, 441px\" \/>\t\t\t\t\t\t\t\t<\/a>\n\t\t\t\t\t\t\t\t\t\t\t\t\t\t\t<\/div>\n\t\t\t\t<\/div>\n\t\t\t\t\t<\/div>\n\t\t<\/div>\n\t\t\t\t\t<\/div>\n\t\t<\/section>\n\t\t\t\t<section class=\"elementor-section elementor-top-section elementor-element elementor-element-288614d elementor-section-boxed elementor-section-height-default elementor-section-height-default wpr-particle-no wpr-jarallax-no wpr-parallax-no wpr-sticky-section-no wpr-equal-height-no\" data-id=\"288614d\" data-element_type=\"section\" data-e-type=\"section\">\n\t\t\t\t\t\t<div class=\"elementor-container elementor-column-gap-default\">\n\t\t\t\t\t<div class=\"elementor-column elementor-col-66 elementor-top-column elementor-element elementor-element-141db5e\" data-id=\"141db5e\" data-element_type=\"column\" data-e-type=\"column\">\n\t\t\t<div class=\"elementor-widget-wrap elementor-element-populated\">\n\t\t\t\t\t\t<div class=\"elementor-element elementor-element-3366ee9 elementor-nav-menu__align-start elementor-nav-menu--dropdown-tablet elementor-nav-menu__text-align-aside elementor-nav-menu--toggle elementor-nav-menu--burger elementor-widget elementor-widget-nav-menu\" data-id=\"3366ee9\" data-element_type=\"widget\" data-e-type=\"widget\" data-settings=\"{&quot;layout&quot;:&quot;horizontal&quot;,&quot;submenu_icon&quot;:{&quot;value&quot;:&quot;&lt;i class=\\&quot;fas fa-caret-down\\&quot; aria-hidden=\\&quot;true\\&quot;&gt;&lt;\\\/i&gt;&quot;,&quot;library&quot;:&quot;fa-solid&quot;},&quot;toggle&quot;:&quot;burger&quot;}\" data-widget_type=\"nav-menu.default\">\n\t\t\t\t<div class=\"elementor-widget-container\">\n\t\t\t\t\t\t\t\t<nav aria-label=\"Men\u00fa\" class=\"elementor-nav-menu--main elementor-nav-menu__container elementor-nav-menu--layout-horizontal e--pointer-none\">\n\t\t\t\t<ul id=\"menu-1-3366ee9\" class=\"elementor-nav-menu\"><li class=\"menu-item menu-item-type-post_type menu-item-object-page menu-item-214\"><a href=\"https:\/\/lavereda.com.mx\/index.php\/inicio\/\" class=\"elementor-item\">INICIO<\/a><\/li>\n<li class=\"menu-item menu-item-type-taxonomy menu-item-object-category menu-item-263 category-color-2\"><a href=\"https:\/\/lavereda.com.mx\/index.php\/category\/artes-escenicas\/\" class=\"elementor-item\">ARTES ESC\u00c9NICAS<\/a><\/li>\n<li class=\"menu-item menu-item-type-taxonomy menu-item-object-category menu-item-264 category-color-3\"><a href=\"https:\/\/lavereda.com.mx\/index.php\/category\/artes-visuales\/\" class=\"elementor-item\">ARTES VISUALES<\/a><\/li>\n<li class=\"menu-item menu-item-type-taxonomy menu-item-object-category menu-item-265 category-color-6\"><a href=\"https:\/\/lavereda.com.mx\/index.php\/category\/cinetv\/\" class=\"elementor-item\">CINE &amp; TV<\/a><\/li>\n<li class=\"menu-item menu-item-type-taxonomy menu-item-object-category menu-item-269 category-color-5\"><a href=\"https:\/\/lavereda.com.mx\/index.php\/category\/letras-y-libros\/\" class=\"elementor-item\">LETRAS Y LIBROS<\/a><\/li>\n<li class=\"menu-item menu-item-type-taxonomy menu-item-object-category menu-item-270 category-color-4\"><a href=\"https:\/\/lavereda.com.mx\/index.php\/category\/musica\/\" class=\"elementor-item\">M\u00daSICA<\/a><\/li>\n<li class=\"menu-item menu-item-type-taxonomy menu-item-object-category menu-item-271 category-color-9\"><a href=\"https:\/\/lavereda.com.mx\/index.php\/category\/opinion\/\" class=\"elementor-item\">OPINI\u00d3N<\/a><\/li>\n<li class=\"menu-item menu-item-type-taxonomy menu-item-object-category menu-item-272 category-color-8\"><a href=\"https:\/\/lavereda.com.mx\/index.php\/category\/sociedad\/\" class=\"elementor-item\">SOCIEDAD<\/a><\/li>\n<li class=\"menu-item menu-item-type-taxonomy menu-item-object-category menu-item-267 category-color-12\"><a href=\"https:\/\/lavereda.com.mx\/index.php\/category\/equidad\/\" class=\"elementor-item\">EQUIDAD<\/a><\/li>\n<li class=\"menu-item menu-item-type-taxonomy menu-item-object-category menu-item-460 category-color-11\"><a href=\"https:\/\/lavereda.com.mx\/index.php\/category\/agenda\/\" class=\"elementor-item\">AGENDA<\/a><\/li>\n<li class=\"menu-item menu-item-type-taxonomy menu-item-object-category menu-item-7720 category-color-295\"><a href=\"https:\/\/lavereda.com.mx\/index.php\/category\/educacion\/\" class=\"elementor-item\">EDUCACI\u00d3N<\/a><\/li>\n<li class=\"menu-item menu-item-type-taxonomy menu-item-object-category menu-item-7721 category-color-296\"><a href=\"https:\/\/lavereda.com.mx\/index.php\/category\/salud\/\" class=\"elementor-item\">SALUD<\/a><\/li>\n<li class=\"menu-item menu-item-type-post_type menu-item-object-page menu-item-724\"><a href=\"https:\/\/lavereda.com.mx\/index.php\/la-vereda-infantil\/\" class=\"elementor-item\">LA VEREDA INFANTIL<\/a><\/li>\n<\/ul>\t\t\t<\/nav>\n\t\t\t\t\t<div class=\"elementor-menu-toggle\" role=\"button\" tabindex=\"0\" aria-label=\"Alternar men\u00fa\" aria-expanded=\"false\">\n\t\t\t<i aria-hidden=\"true\" role=\"presentation\" class=\"elementor-menu-toggle__icon--open eicon-menu-bar\"><\/i><i aria-hidden=\"true\" role=\"presentation\" class=\"elementor-menu-toggle__icon--close eicon-close\"><\/i>\t\t<\/div>\n\t\t\t\t\t<nav class=\"elementor-nav-menu--dropdown elementor-nav-menu__container\" aria-hidden=\"true\">\n\t\t\t\t<ul id=\"menu-2-3366ee9\" class=\"elementor-nav-menu\"><li class=\"menu-item menu-item-type-post_type menu-item-object-page menu-item-214\"><a href=\"https:\/\/lavereda.com.mx\/index.php\/inicio\/\" class=\"elementor-item\" tabindex=\"-1\">INICIO<\/a><\/li>\n<li class=\"menu-item menu-item-type-taxonomy menu-item-object-category menu-item-263 category-color-2\"><a href=\"https:\/\/lavereda.com.mx\/index.php\/category\/artes-escenicas\/\" class=\"elementor-item\" tabindex=\"-1\">ARTES ESC\u00c9NICAS<\/a><\/li>\n<li class=\"menu-item menu-item-type-taxonomy menu-item-object-category menu-item-264 category-color-3\"><a href=\"https:\/\/lavereda.com.mx\/index.php\/category\/artes-visuales\/\" class=\"elementor-item\" tabindex=\"-1\">ARTES VISUALES<\/a><\/li>\n<li class=\"menu-item menu-item-type-taxonomy menu-item-object-category menu-item-265 category-color-6\"><a href=\"https:\/\/lavereda.com.mx\/index.php\/category\/cinetv\/\" class=\"elementor-item\" tabindex=\"-1\">CINE &amp; TV<\/a><\/li>\n<li class=\"menu-item menu-item-type-taxonomy menu-item-object-category menu-item-269 category-color-5\"><a href=\"https:\/\/lavereda.com.mx\/index.php\/category\/letras-y-libros\/\" class=\"elementor-item\" tabindex=\"-1\">LETRAS Y LIBROS<\/a><\/li>\n<li class=\"menu-item menu-item-type-taxonomy menu-item-object-category menu-item-270 category-color-4\"><a href=\"https:\/\/lavereda.com.mx\/index.php\/category\/musica\/\" class=\"elementor-item\" tabindex=\"-1\">M\u00daSICA<\/a><\/li>\n<li class=\"menu-item menu-item-type-taxonomy menu-item-object-category menu-item-271 category-color-9\"><a href=\"https:\/\/lavereda.com.mx\/index.php\/category\/opinion\/\" class=\"elementor-item\" tabindex=\"-1\">OPINI\u00d3N<\/a><\/li>\n<li class=\"menu-item menu-item-type-taxonomy menu-item-object-category menu-item-272 category-color-8\"><a href=\"https:\/\/lavereda.com.mx\/index.php\/category\/sociedad\/\" class=\"elementor-item\" tabindex=\"-1\">SOCIEDAD<\/a><\/li>\n<li class=\"menu-item menu-item-type-taxonomy menu-item-object-category menu-item-267 category-color-12\"><a href=\"https:\/\/lavereda.com.mx\/index.php\/category\/equidad\/\" class=\"elementor-item\" tabindex=\"-1\">EQUIDAD<\/a><\/li>\n<li class=\"menu-item menu-item-type-taxonomy menu-item-object-category menu-item-460 category-color-11\"><a href=\"https:\/\/lavereda.com.mx\/index.php\/category\/agenda\/\" class=\"elementor-item\" tabindex=\"-1\">AGENDA<\/a><\/li>\n<li class=\"menu-item menu-item-type-taxonomy menu-item-object-category menu-item-7720 category-color-295\"><a href=\"https:\/\/lavereda.com.mx\/index.php\/category\/educacion\/\" class=\"elementor-item\" tabindex=\"-1\">EDUCACI\u00d3N<\/a><\/li>\n<li class=\"menu-item menu-item-type-taxonomy menu-item-object-category menu-item-7721 category-color-296\"><a href=\"https:\/\/lavereda.com.mx\/index.php\/category\/salud\/\" class=\"elementor-item\" tabindex=\"-1\">SALUD<\/a><\/li>\n<li class=\"menu-item menu-item-type-post_type menu-item-object-page menu-item-724\"><a href=\"https:\/\/lavereda.com.mx\/index.php\/la-vereda-infantil\/\" class=\"elementor-item\" tabindex=\"-1\">LA VEREDA INFANTIL<\/a><\/li>\n<\/ul>\t\t\t<\/nav>\n\t\t\t\t\t\t<\/div>\n\t\t\t\t<\/div>\n\t\t\t\t\t<\/div>\n\t\t<\/div>\n\t\t\t\t<div class=\"elementor-column elementor-col-33 elementor-top-column elementor-element elementor-element-d764d63\" data-id=\"d764d63\" data-element_type=\"column\" data-e-type=\"column\">\n\t\t\t<div class=\"elementor-widget-wrap elementor-element-populated\">\n\t\t\t\t\t\t<div class=\"elementor-element elementor-element-4b6659a premium-search__whole-link-yes premium-search__effect-zoomin elementor-widget elementor-widget-premium-search-form\" data-id=\"4b6659a\" data-element_type=\"widget\" data-e-type=\"widget\" data-widget_type=\"premium-search-form.default\">\n\t\t\t\t<div class=\"elementor-widget-container\">\n\t\t\t\t\t\n\t\t\t<div data-page=\"6726\" class=\"premium-search__container premium-search__skin-classic\" data-settings=\"{&quot;query&quot;:&quot;post&quot;,&quot;hideOnClick&quot;:true,&quot;results_number&quot;:false,&quot;buttonAction&quot;:&quot;onpage&quot;}\">\n\n\t\t\t\t\t\t\t\t<div class=\"premium-search__input-btn-wrap\">\n\n\t\t\t\t\t\n\t\t\t\t\t<div class=\"premium-search__input-wrap\">\n\t\t\t\t\t\t<input id=\"premium-search__input-4b6659a\" type=\"text\" class=\"premium-search__input\" value=\"\" placeholder=\"\u00bfQu\u00e9 buscas?\">\n\n\t\t\t\t\t\t<div class=\"premium-search__spinner\"><\/div>\n\n\t\t\t\t\t\t\t\t\t\t\t<\/div>\n\n\t\t\t\t\t\n\t\t\t\t\t\t<div class=\"premium-search__btn-wrap\">\n\t\t\t\t\t\t\t<button type=\"button\" class=\"premium-search__btn\" value=\"\" data-page-url=\"\">\n\n\t\t\t\t\t\t\t\t\n\t\t\t\t\t\t\t\t\t<i aria-hidden=\"true\" class=\"fas fa-search\"><\/i>\n\t\t\t\t\t\t\t\t\n\t\t\t\t\t\t\t\t\n\t\t\t\t\t\t\t<\/button>\n\t\t\t\t\t\t<\/div>\n\n\t\t\t\t\t\n\t\t\t\t<\/div>\n\n\t\t\t\t\t\t\t\t\t<div class=\"premium-search__query-wrap query-hidden\"><\/div>\n\t\t\t\t\n\t\t\t<\/div>\n\n\t\t\t\t\t\t<\/div>\n\t\t\t\t<\/div>\n\t\t\t\t\t<\/div>\n\t\t<\/div>\n\t\t\t\t\t<\/div>\n\t\t<\/section>\n\t\t\t\t<section class=\"elementor-section elementor-top-section elementor-element elementor-element-3f43879 elementor-section-content-middle elementor-hidden-mobile elementor-section-boxed elementor-section-height-default elementor-section-height-default wpr-particle-no wpr-jarallax-no wpr-parallax-no wpr-sticky-section-no wpr-equal-height-no\" data-id=\"3f43879\" data-element_type=\"section\" data-e-type=\"section\">\n\t\t\t\t\t\t<div class=\"elementor-container elementor-column-gap-narrow\">\n\t\t\t\t\t<div class=\"elementor-column elementor-col-50 elementor-top-column elementor-element elementor-element-3b5611a\" data-id=\"3b5611a\" data-element_type=\"column\" data-e-type=\"column\">\n\t\t\t<div class=\"elementor-widget-wrap elementor-element-populated\">\n\t\t\t\t\t\t<div class=\"elementor-element elementor-element-ad35508 premium-post-ticker__layout-1 pa-infinite-ticker-yes elementor-widget elementor-widget-premium-post-ticker\" data-id=\"ad35508\" data-element_type=\"widget\" data-e-type=\"widget\" data-widget_type=\"premium-post-ticker.default\">\n\t\t\t\t<div class=\"elementor-widget-container\">\n\t\t\t\t\t\t\t\t<div class=\"premium-post-ticker__outer-wrapper premium-post-ticker__hidden \" data-ticker-settings=\"{&quot;layout&quot;:&quot;layout-1&quot;,&quot;typing&quot;:false,&quot;fade&quot;:false,&quot;arrows&quot;:false,&quot;infinite&quot;:true,&quot;autoPlay&quot;:true,&quot;vertical&quot;:false,&quot;speed&quot;:5000,&quot;slidesToShow&quot;:null,&quot;pauseOnHover&quot;:true,&quot;animation&quot;:&quot;&quot;,&quot;shouldBeRtl&quot;:false,&quot;autoplaySpeed&quot;:null}\">\n\t\t\t\t\t\t\t\t\t\n\t\t\t\t\t<div class=\"premium-post-ticker__content\">\n\t\t\t\t\t\t\t\t<div class=\"premium-post-ticker__title-wrapper\">\n\t\t\t\n\t\t\t<h2 class=\"premium-post-ticker__title\"> \u00daLTIMAS NOTICIAS <\/h2>\n\t\t<\/div>\n\t\t\n\t\t\t\t\t\t<div dir=\"ltr\" class=\"premium-post-ticker__posts-wrapper\">\n\t\t\t\t\t\t\t\n\t\t<div class=\"premium-post-ticker__post-wrapper animated \">\n\n\t\t\t\n\t\t\t\n\t\t\t<div>\n\t\t\t\t<h2 class=\"premium-post-ticker__post-title\">\n\t\t\t\t\t<a href=\"https:\/\/lavereda.com.mx\/index.php\/2026\/04\/26\/a-la-hora-del-cafe-16\/\" target=\"_blank\">\n\t\t\t\t\t\tA la hora del caf\u00e9\t\t\t\t\t<\/a>\n\t\t\t\t<\/h2>\n\t\t\t<\/div>\n\n\t\t\t\t\t\t\t<div>\n\t\t\t\t\t<span class=\"premium-post-ticker__post-date\">\n\t\t\t\t\t\t<span>26 de abril de 2026<\/span>\n\t\t\t\t\t<\/span>\n\t\t\t\t<\/div>\n\t\t\t\n\t\t\t\n\t\t<\/div>\n\n\t\t\n\t\t<div class=\"premium-post-ticker__post-wrapper animated \">\n\n\t\t\t\n\t\t\t\n\t\t\t<div>\n\t\t\t\t<h2 class=\"premium-post-ticker__post-title\">\n\t\t\t\t\t<a href=\"https:\/\/lavereda.com.mx\/index.php\/2026\/04\/25\/euphoria\/\" target=\"_blank\">\n\t\t\t\t\t\tEuphoria\t\t\t\t\t<\/a>\n\t\t\t\t<\/h2>\n\t\t\t<\/div>\n\n\t\t\t\t\t\t\t<div>\n\t\t\t\t\t<span class=\"premium-post-ticker__post-date\">\n\t\t\t\t\t\t<span>25 de abril de 2026<\/span>\n\t\t\t\t\t<\/span>\n\t\t\t\t<\/div>\n\t\t\t\n\t\t\t\n\t\t<\/div>\n\n\t\t\n\t\t<div class=\"premium-post-ticker__post-wrapper animated \">\n\n\t\t\t\n\t\t\t\n\t\t\t<div>\n\t\t\t\t<h2 class=\"premium-post-ticker__post-title\">\n\t\t\t\t\t<a href=\"https:\/\/lavereda.com.mx\/index.php\/2026\/04\/25\/invitan-a-celebrar-el-dia-internacional-de-la-danza\/\" target=\"_blank\">\n\t\t\t\t\t\tInvitan a celebrar el D\u00eda Internacional de la Danza\t\t\t\t\t<\/a>\n\t\t\t\t<\/h2>\n\t\t\t<\/div>\n\n\t\t\t\t\t\t\t<div>\n\t\t\t\t\t<span class=\"premium-post-ticker__post-date\">\n\t\t\t\t\t\t<span>25 de abril de 2026<\/span>\n\t\t\t\t\t<\/span>\n\t\t\t\t<\/div>\n\t\t\t\n\t\t\t\n\t\t<\/div>\n\n\t\t\n\t\t<div class=\"premium-post-ticker__post-wrapper animated \">\n\n\t\t\t\n\t\t\t\n\t\t\t<div>\n\t\t\t\t<h2 class=\"premium-post-ticker__post-title\">\n\t\t\t\t\t<a href=\"https:\/\/lavereda.com.mx\/index.php\/2026\/04\/22\/artistas-laguneros-presentan-la-exposicion-rastros-de-humo\/\" target=\"_blank\">\n\t\t\t\t\t\tArtistas laguneros presentan la exposici\u00f3n \u201cRastros de Humo\u201d\t\t\t\t\t<\/a>\n\t\t\t\t<\/h2>\n\t\t\t<\/div>\n\n\t\t\t\t\t\t\t<div>\n\t\t\t\t\t<span class=\"premium-post-ticker__post-date\">\n\t\t\t\t\t\t<span>22 de abril de 2026<\/span>\n\t\t\t\t\t<\/span>\n\t\t\t\t<\/div>\n\t\t\t\n\t\t\t\n\t\t<\/div>\n\n\t\t\t\t\t\t\t\t<\/div>\n\n\t\t\t\t\t\t\t\t\t\t\t<\/div>\n\t\t\t\t\t\t\t<\/div>\n\t\t\t\t\t\t<\/div>\n\t\t\t\t<\/div>\n\t\t\t\t\t<\/div>\n\t\t<\/div>\n\t\t\t\t<div class=\"elementor-column elementor-col-50 elementor-top-column elementor-element elementor-element-df54ead\" data-id=\"df54ead\" data-element_type=\"column\" data-e-type=\"column\">\n\t\t\t<div class=\"elementor-widget-wrap elementor-element-populated\">\n\t\t\t\t\t\t<div class=\"elementor-element elementor-element-c5382ae premium-world-clock__skin-2 premium-world-clock__unit-row premium-world-clock__column elementor-widget elementor-widget-premium-world-clock\" data-id=\"c5382ae\" data-element_type=\"widget\" data-e-type=\"widget\" data-widget_type=\"premium-world-clock.default\">\n\t\t\t\t<div class=\"elementor-widget-container\">\n\t\t\t\t\t\t\t\t<div class=\"premium-world-clock__clock-wrapper premium-addons__v-hidden\" data-settings=\"{&quot;timezone&quot;:&quot;local&quot;,&quot;format&quot;:&quot;HH&quot;,&quot;skin&quot;:&quot;skin-2&quot;,&quot;showSeconds&quot;:false,&quot;showMeridiem&quot;:false,&quot;meridiemType&quot;:null,&quot;date&quot;:true,&quot;gmtOffset&quot;:false,&quot;showClockNum&quot;:false,&quot;equalWidth&quot;:false,&quot;language&quot;:&quot;&quot;,&quot;dateFormat&quot;:&quot;DDD&quot;}\">\n\t\t\t\t\n\t\t\t\t\t\n\t\t\t\t\t\t<div class=\"premium-world-clock__time-wrapper\">\n\t\t\t\t\t\t\t<span class=\"premium-world-clock__hours premium-world-clock__hand\"><\/span>\n\t\t\t\t\t\t\t<span class=\"premium-world-clock__separator\">:<\/span>\n\t\t\t\t\t\t\t<span class=\"premium-world-clock__minutes premium-world-clock__hand\"><\/span>\n\n\t\t\t\t\t\t\t\n\t\t\t\t\t\t\t<span class=\"premium-world-clock__meridiem\"><\/span>\n\t\t\t\t\t\t<\/div>\n\n\t\t\t\t\t\n\t\t\t\t\n\t\t\t\t\t\t\t\t\t<div class='premium-world-clock__additional-info'>\n\n\t\t\t\t\t\t\n\t\t\t\t\t\t\t\t\t\t\t\t\t<span class='premium-world-clock__date'><\/span>\n\t\t\t\t\t\t\n\t\t\t\t\t\t\t\t\t\t\t<\/div>\n\t\t\t\t\t\t\t<\/div>\n\t\t\t\t\t\t<\/div>\n\t\t\t\t<\/div>\n\t\t\t\t\t<\/div>\n\t\t<\/div>\n\t\t\t\t\t<\/div>\n\t\t<\/section>\n\t\t\t\t<section class=\"elementor-section elementor-top-section elementor-element elementor-element-2412726 elementor-section-boxed elementor-section-height-default elementor-section-height-default wpr-particle-no wpr-jarallax-no wpr-parallax-no wpr-sticky-section-no wpr-equal-height-no\" data-id=\"2412726\" data-element_type=\"section\" data-e-type=\"section\">\n\t\t\t\t\t\t<div class=\"elementor-container elementor-column-gap-default\">\n\t\t\t\t\t<div class=\"elementor-column elementor-col-50 elementor-top-column elementor-element elementor-element-f089b1d\" data-id=\"f089b1d\" data-element_type=\"column\" data-e-type=\"column\">\n\t\t\t<div class=\"elementor-widget-wrap elementor-element-populated\">\n\t\t\t\t\t\t<div class=\"elementor-element elementor-element-b532986 elementor-widget elementor-widget-wpr-magazine-grid\" data-id=\"b532986\" data-element_type=\"widget\" data-e-type=\"widget\" data-widget_type=\"wpr-magazine-grid.default\">\n\t\t\t\t<div class=\"elementor-widget-container\">\n\t\t\t\t\t<div class=\"wpr-magazine-grid-wrap\"  data-slide-effect=\"\"><section class=\"wpr-magazine-grid wpr-mgzn-grid-2-3 wpr-mgzn-grid-rows-1\"><article class=\"wpr-mgzn-grid-item elementor-clearfix post-7878 post type-post status-publish format-standard has-post-thumbnail hentry category-lomasrelevante category-opinion tag-danza tag-libros tag-teatro entry\"><div class=\"wpr-grid-item-inner\"><div class=\"wpr-grid-media-wrap\" data-overlay-link=\"yes\"><div class=\"wpr-grid-image-wrap\" data-src=\"https:\/\/lavereda.com.mx\/wp-content\/uploads\/2026\/04\/5920.jpg\" style=\"background-image: url(https:\/\/lavereda.com.mx\/wp-content\/uploads\/2026\/04\/5920.jpg)\"><\/div><div class=\"wpr-grid-media-hover wpr-animation-wrap\"><div class=\"wpr-grid-media-hover-bg  wpr-overlay-fade-out wpr-anim-size-large wpr-anim-timing-ease-default wpr-anim-transparency\" data-url=\"https:\/\/lavereda.com.mx\/index.php\/2026\/04\/26\/a-la-hora-del-cafe-16\/\"><\/div><div class=\"wpr-grid-media-hover-bottom elementor-clearfix\"><div class=\"wpr-grid-item-category elementor-repeater-item-db7de93 wpr-grid-item-display-block wpr-grid-item-align-left wpr-pointer-none wpr-pointer-line-fx wpr-pointer-fx-fade wpr-grid-tax-style-1\"><div class=\"inner-block\"><a class=\" wpr-tax-id-18\" href=\"https:\/\/lavereda.com.mx\/index.php\/category\/lomasrelevante\/\">LO M\u00c1S RELEVANTE<span class=\"tax-sep\">, <\/span><\/a><a class=\" wpr-tax-id-9\" href=\"https:\/\/lavereda.com.mx\/index.php\/category\/opinion\/\">OPINI\u00d3N<\/a><\/div><\/div><h2 class=\"wpr-grid-item-title elementor-repeater-item-64973c1 wpr-grid-item-display-block wpr-grid-item-align-left wpr-pointer-none wpr-pointer-line-fx wpr-pointer-fx-fade\"><div class=\"inner-block\"><a  target=\"_self\"  href=\"https:\/\/lavereda.com.mx\/index.php\/2026\/04\/26\/a-la-hora-del-cafe-16\/\">A la hora del caf\u00e9<\/a><\/div><\/h2><div class=\"wpr-grid-item-author elementor-repeater-item-3655a91 wpr-grid-item-display-inline wpr-grid-item-align-left\"><div class=\"inner-block\"><a href=\"https:\/\/lavereda.com.mx\/index.php\/author\/adriana-vargas\/\"><span>Adriana Vargas<\/span><\/a><\/div><\/div><div class=\"wpr-grid-item-separator elementor-repeater-item-77638a4 wpr-grid-item-display-inline wpr-grid-item-align-left wpr-grid-sep-style-1\"><div class=\"inner-block\"><span><\/span><\/div><\/div><div class=\"wpr-grid-item-date elementor-repeater-item-2a8f10d wpr-grid-item-display-inline wpr-grid-item-align-left\"><div class=\"inner-block\"><span>26 de abril de 2026<\/span><\/div><\/div><\/div><\/div><\/div><\/div><\/article><article class=\"wpr-mgzn-grid-item elementor-clearfix post-7864 post type-post status-publish format-standard has-post-thumbnail hentry category-cinetv tag-euphoria entry\"><div class=\"wpr-grid-item-inner\"><div class=\"wpr-grid-media-wrap\" data-overlay-link=\"yes\"><div class=\"wpr-grid-image-wrap\" data-src=\"https:\/\/lavereda.com.mx\/wp-content\/uploads\/2026\/04\/euphoria.jpg\" style=\"background-image: url(https:\/\/lavereda.com.mx\/wp-content\/uploads\/2026\/04\/euphoria.jpg)\"><\/div><div class=\"wpr-grid-media-hover wpr-animation-wrap\"><div class=\"wpr-grid-media-hover-bg  wpr-overlay-fade-out wpr-anim-size-large wpr-anim-timing-ease-default wpr-anim-transparency\" data-url=\"https:\/\/lavereda.com.mx\/index.php\/2026\/04\/25\/euphoria\/\"><\/div><div class=\"wpr-grid-media-hover-bottom elementor-clearfix\"><div class=\"wpr-grid-item-category elementor-repeater-item-db7de93 wpr-grid-item-display-block wpr-grid-item-align-left wpr-pointer-none wpr-pointer-line-fx wpr-pointer-fx-fade wpr-grid-tax-style-1\"><div class=\"inner-block\"><a class=\" wpr-tax-id-6\" href=\"https:\/\/lavereda.com.mx\/index.php\/category\/cinetv\/\">CINE &amp; TV<\/a><\/div><\/div><h2 class=\"wpr-grid-item-title elementor-repeater-item-64973c1 wpr-grid-item-display-block wpr-grid-item-align-left wpr-pointer-none wpr-pointer-line-fx wpr-pointer-fx-fade\"><div class=\"inner-block\"><a  target=\"_self\"  href=\"https:\/\/lavereda.com.mx\/index.php\/2026\/04\/25\/euphoria\/\">Euphoria<\/a><\/div><\/h2><div class=\"wpr-grid-item-author elementor-repeater-item-3655a91 wpr-grid-item-display-inline wpr-grid-item-align-left\"><div class=\"inner-block\"><a href=\"https:\/\/lavereda.com.mx\/index.php\/author\/luciano\/\"><span>Luciano Campos<\/span><\/a><\/div><\/div><div class=\"wpr-grid-item-separator elementor-repeater-item-77638a4 wpr-grid-item-display-inline wpr-grid-item-align-left wpr-grid-sep-style-1\"><div class=\"inner-block\"><span><\/span><\/div><\/div><div class=\"wpr-grid-item-date elementor-repeater-item-2a8f10d wpr-grid-item-display-inline wpr-grid-item-align-left\"><div class=\"inner-block\"><span>25 de abril de 2026<\/span><\/div><\/div><\/div><\/div><\/div><\/div><\/article><article class=\"wpr-mgzn-grid-item elementor-clearfix post-7861 post type-post status-publish format-standard has-post-thumbnail hentry category-artes-escenicas tag-dia-internacional-de-la-danza entry\"><div class=\"wpr-grid-item-inner\"><div class=\"wpr-grid-media-wrap\" data-overlay-link=\"yes\"><div class=\"wpr-grid-image-wrap\" data-src=\"https:\/\/lavereda.com.mx\/wp-content\/uploads\/2026\/04\/WhatsApp-Image-2026-04-24-at-12.58.54-PM.jpeg\" style=\"background-image: url(https:\/\/lavereda.com.mx\/wp-content\/uploads\/2026\/04\/WhatsApp-Image-2026-04-24-at-12.58.54-PM.jpeg)\"><\/div><div class=\"wpr-grid-media-hover wpr-animation-wrap\"><div class=\"wpr-grid-media-hover-bg  wpr-overlay-fade-out wpr-anim-size-large wpr-anim-timing-ease-default wpr-anim-transparency\" data-url=\"https:\/\/lavereda.com.mx\/index.php\/2026\/04\/25\/invitan-a-celebrar-el-dia-internacional-de-la-danza\/\"><\/div><div class=\"wpr-grid-media-hover-bottom elementor-clearfix\"><div class=\"wpr-grid-item-category elementor-repeater-item-db7de93 wpr-grid-item-display-block wpr-grid-item-align-left wpr-pointer-none wpr-pointer-line-fx wpr-pointer-fx-fade wpr-grid-tax-style-1\"><div class=\"inner-block\"><a class=\" wpr-tax-id-2\" href=\"https:\/\/lavereda.com.mx\/index.php\/category\/artes-escenicas\/\">ARTES ESC\u00c9NICAS<\/a><\/div><\/div><h2 class=\"wpr-grid-item-title elementor-repeater-item-64973c1 wpr-grid-item-display-block wpr-grid-item-align-left wpr-pointer-none wpr-pointer-line-fx wpr-pointer-fx-fade\"><div class=\"inner-block\"><a  target=\"_self\"  href=\"https:\/\/lavereda.com.mx\/index.php\/2026\/04\/25\/invitan-a-celebrar-el-dia-internacional-de-la-danza\/\">Invitan a celebrar el D\u00eda Internacional de la Danza<\/a><\/div><\/h2><div class=\"wpr-grid-item-author elementor-repeater-item-3655a91 wpr-grid-item-display-inline wpr-grid-item-align-left\"><div class=\"inner-block\"><a href=\"https:\/\/lavereda.com.mx\/index.php\/author\/adminlavereda\/\"><span>Redacci\u00f3n La Vereda<\/span><\/a><\/div><\/div><div class=\"wpr-grid-item-separator elementor-repeater-item-77638a4 wpr-grid-item-display-inline wpr-grid-item-align-left wpr-grid-sep-style-1\"><div class=\"inner-block\"><span><\/span><\/div><\/div><div class=\"wpr-grid-item-date elementor-repeater-item-2a8f10d wpr-grid-item-display-inline wpr-grid-item-align-left\"><div class=\"inner-block\"><span>25 de abril de 2026<\/span><\/div><\/div><\/div><\/div><\/div><\/div><\/article><article class=\"wpr-mgzn-grid-item elementor-clearfix post-7856 post type-post status-publish format-standard has-post-thumbnail hentry category-artes-visuales category-lomasrelevante tag-artes-visuales tag-teatro-isauro-martinez entry\"><div class=\"wpr-grid-item-inner\"><div class=\"wpr-grid-media-wrap\" data-overlay-link=\"yes\"><div class=\"wpr-grid-image-wrap\" data-src=\"https:\/\/lavereda.com.mx\/wp-content\/uploads\/2026\/04\/rastros3.jpeg\" style=\"background-image: url(https:\/\/lavereda.com.mx\/wp-content\/uploads\/2026\/04\/rastros3.jpeg)\"><\/div><div class=\"wpr-grid-media-hover wpr-animation-wrap\"><div class=\"wpr-grid-media-hover-bg  wpr-overlay-fade-out wpr-anim-size-large wpr-anim-timing-ease-default wpr-anim-transparency\" data-url=\"https:\/\/lavereda.com.mx\/index.php\/2026\/04\/22\/artistas-laguneros-presentan-la-exposicion-rastros-de-humo\/\"><\/div><div class=\"wpr-grid-media-hover-bottom elementor-clearfix\"><div class=\"wpr-grid-item-category elementor-repeater-item-db7de93 wpr-grid-item-display-block wpr-grid-item-align-left wpr-pointer-none wpr-pointer-line-fx wpr-pointer-fx-fade wpr-grid-tax-style-1\"><div class=\"inner-block\"><a class=\" wpr-tax-id-3\" href=\"https:\/\/lavereda.com.mx\/index.php\/category\/artes-visuales\/\">ARTES VISUALES<span class=\"tax-sep\">, <\/span><\/a><a class=\" wpr-tax-id-18\" href=\"https:\/\/lavereda.com.mx\/index.php\/category\/lomasrelevante\/\">LO M\u00c1S RELEVANTE<\/a><\/div><\/div><h2 class=\"wpr-grid-item-title elementor-repeater-item-64973c1 wpr-grid-item-display-block wpr-grid-item-align-left wpr-pointer-none wpr-pointer-line-fx wpr-pointer-fx-fade\"><div class=\"inner-block\"><a  target=\"_self\"  href=\"https:\/\/lavereda.com.mx\/index.php\/2026\/04\/22\/artistas-laguneros-presentan-la-exposicion-rastros-de-humo\/\">Artistas laguneros presentan la exposici\u00f3n \u201cRastros de Humo\u201d<\/a><\/div><\/h2><div class=\"wpr-grid-item-author elementor-repeater-item-3655a91 wpr-grid-item-display-inline wpr-grid-item-align-left\"><div class=\"inner-block\"><a href=\"https:\/\/lavereda.com.mx\/index.php\/author\/adriana-vargas\/\"><span>Adriana Vargas<\/span><\/a><\/div><\/div><div class=\"wpr-grid-item-separator elementor-repeater-item-77638a4 wpr-grid-item-display-inline wpr-grid-item-align-left wpr-grid-sep-style-1\"><div class=\"inner-block\"><span><\/span><\/div><\/div><div class=\"wpr-grid-item-date elementor-repeater-item-2a8f10d wpr-grid-item-display-inline wpr-grid-item-align-left\"><div class=\"inner-block\"><span>22 de abril de 2026<\/span><\/div><\/div><\/div><\/div><\/div><\/div><\/article><article class=\"wpr-mgzn-grid-item elementor-clearfix post-7849 post type-post status-publish format-standard has-post-thumbnail hentry category-cinetv entry\"><div class=\"wpr-grid-item-inner\"><div class=\"wpr-grid-media-wrap\" data-overlay-link=\"yes\"><div class=\"wpr-grid-image-wrap\" data-src=\"https:\/\/lavereda.com.mx\/wp-content\/uploads\/2026\/04\/arco1_.jpg\" style=\"background-image: url(https:\/\/lavereda.com.mx\/wp-content\/uploads\/2026\/04\/arco1_.jpg)\"><\/div><div class=\"wpr-grid-media-hover wpr-animation-wrap\"><div class=\"wpr-grid-media-hover-bg  wpr-overlay-fade-out wpr-anim-size-large wpr-anim-timing-ease-default wpr-anim-transparency\" data-url=\"https:\/\/lavereda.com.mx\/index.php\/2026\/04\/19\/arco-2025\/\"><\/div><div class=\"wpr-grid-media-hover-bottom elementor-clearfix\"><div class=\"wpr-grid-item-category elementor-repeater-item-db7de93 wpr-grid-item-display-block wpr-grid-item-align-left wpr-pointer-none wpr-pointer-line-fx wpr-pointer-fx-fade wpr-grid-tax-style-1\"><div class=\"inner-block\"><a class=\" wpr-tax-id-6\" href=\"https:\/\/lavereda.com.mx\/index.php\/category\/cinetv\/\">CINE &amp; TV<\/a><\/div><\/div><h2 class=\"wpr-grid-item-title elementor-repeater-item-64973c1 wpr-grid-item-display-block wpr-grid-item-align-left wpr-pointer-none wpr-pointer-line-fx wpr-pointer-fx-fade\"><div class=\"inner-block\"><a  target=\"_self\"  href=\"https:\/\/lavereda.com.mx\/index.php\/2026\/04\/19\/arco-2025\/\">Arco (2025)<\/a><\/div><\/h2><div class=\"wpr-grid-item-author elementor-repeater-item-3655a91 wpr-grid-item-display-inline wpr-grid-item-align-left\"><div class=\"inner-block\"><a href=\"https:\/\/lavereda.com.mx\/index.php\/author\/luciano\/\"><span>Luciano Campos<\/span><\/a><\/div><\/div><div class=\"wpr-grid-item-separator elementor-repeater-item-77638a4 wpr-grid-item-display-inline wpr-grid-item-align-left wpr-grid-sep-style-1\"><div class=\"inner-block\"><span><\/span><\/div><\/div><div class=\"wpr-grid-item-date elementor-repeater-item-2a8f10d wpr-grid-item-display-inline wpr-grid-item-align-left\"><div class=\"inner-block\"><span>19 de abril de 2026<\/span><\/div><\/div><\/div><\/div><\/div><\/div><\/article><\/section><\/div>\t\t\t\t<\/div>\n\t\t\t\t<\/div>\n\t\t\t\t\t<\/div>\n\t\t<\/div>\n\t\t\t\t<div class=\"elementor-column elementor-col-50 elementor-top-column elementor-element elementor-element-d7adbb2\" data-id=\"d7adbb2\" data-element_type=\"column\" data-e-type=\"column\">\n\t\t\t<div class=\"elementor-widget-wrap elementor-element-populated\">\n\t\t\t\t\t\t<div class=\"elementor-element elementor-element-9365818 elementor-widget elementor-widget-image\" data-id=\"9365818\" data-element_type=\"widget\" data-e-type=\"widget\" data-widget_type=\"image.default\">\n\t\t\t\t<div class=\"elementor-widget-container\">\n\t\t\t\t\t\t\t\t\t\t\t\t\t\t\t\t<a href=\"https:\/\/oceano.mx\/\" target=\"_blank\">\n\t\t\t\t\t\t\t<img decoding=\"async\" width=\"300\" height=\"600\" src=\"https:\/\/lavereda.com.mx\/wp-content\/uploads\/2026\/03\/oceano_banner.jpg\" class=\"attachment-large size-large wp-image-7736\" alt=\"\" srcset=\"https:\/\/lavereda.com.mx\/wp-content\/uploads\/2026\/03\/oceano_banner.jpg 300w, https:\/\/lavereda.com.mx\/wp-content\/uploads\/2026\/03\/oceano_banner-150x300.jpg 150w\" sizes=\"(max-width: 300px) 100vw, 300px\" \/>\t\t\t\t\t\t\t\t<\/a>\n\t\t\t\t\t\t\t\t\t\t\t\t\t\t\t<\/div>\n\t\t\t\t<\/div>\n\t\t\t\t\t<\/div>\n\t\t<\/div>\n\t\t\t\t\t<\/div>\n\t\t<\/section>\n\t\t\t\t<section class=\"elementor-section elementor-top-section elementor-element elementor-element-00ccb84 elementor-section-boxed elementor-section-height-default elementor-section-height-default wpr-particle-no wpr-jarallax-no wpr-parallax-no wpr-sticky-section-no wpr-equal-height-no\" data-id=\"00ccb84\" data-element_type=\"section\" data-e-type=\"section\">\n\t\t\t\t\t\t<div class=\"elementor-container elementor-column-gap-default\">\n\t\t\t\t\t<div class=\"elementor-column elementor-col-100 elementor-top-column elementor-element elementor-element-58b37ad\" data-id=\"58b37ad\" data-element_type=\"column\" data-e-type=\"column\">\n\t\t\t<div class=\"elementor-widget-wrap elementor-element-populated\">\n\t\t\t\t\t\t<div class=\"elementor-element elementor-element-b22ef1a elementor-widget elementor-widget-image\" data-id=\"b22ef1a\" data-element_type=\"widget\" data-e-type=\"widget\" data-widget_type=\"image.default\">\n\t\t\t\t<div class=\"elementor-widget-container\">\n\t\t\t\t\t\t\t\t\t\t\t\t\t\t\t\t<a href=\"https:\/\/www.facebook.com\/share\/1CQhChwxEB\/?mibextid=wwXIfr\">\n\t\t\t\t\t\t\t<img loading=\"lazy\" decoding=\"async\" width=\"480\" height=\"240\" src=\"https:\/\/lavereda.com.mx\/wp-content\/uploads\/2026\/04\/taller-de-pintura.gif\" class=\"attachment-full size-full wp-image-7868\" alt=\"\" \/>\t\t\t\t\t\t\t\t<\/a>\n\t\t\t\t\t\t\t\t\t\t\t\t\t\t\t<\/div>\n\t\t\t\t<\/div>\n\t\t\t\t\t<\/div>\n\t\t<\/div>\n\t\t\t\t\t<\/div>\n\t\t<\/section>\n\t\t\t\t<section class=\"elementor-section elementor-top-section elementor-element elementor-element-ac0d792 elementor-hidden-mobile elementor-section-boxed elementor-section-height-default elementor-section-height-default wpr-particle-no wpr-jarallax-no wpr-parallax-no wpr-sticky-section-no wpr-equal-height-no\" data-id=\"ac0d792\" data-element_type=\"section\" data-e-type=\"section\" data-settings=\"{&quot;background_background&quot;:&quot;classic&quot;}\">\n\t\t\t\t\t\t<div class=\"elementor-container elementor-column-gap-default\">\n\t\t\t\t\t<div class=\"elementor-column elementor-col-33 elementor-top-column elementor-element elementor-element-d7f1e03\" data-id=\"d7f1e03\" data-element_type=\"column\" data-e-type=\"column\">\n\t\t\t<div class=\"elementor-widget-wrap elementor-element-populated\">\n\t\t\t\t\t\t<div class=\"elementor-element elementor-element-1a1ea6b elementor-widget elementor-widget-heading\" data-id=\"1a1ea6b\" data-element_type=\"widget\" data-e-type=\"widget\" data-widget_type=\"heading.default\">\n\t\t\t\t<div class=\"elementor-widget-container\">\n\t\t\t\t\t<h2 class=\"elementor-heading-title elementor-size-default\">ARTES ESC\u00c9NICAS<\/h2>\t\t\t\t<\/div>\n\t\t\t\t<\/div>\n\t\t\t\t<div class=\"elementor-element elementor-element-30aacff elementor-grid-1 elementor-posts--thumbnail-left elementor-grid-tablet-2 elementor-grid-mobile-1 elementor-widget elementor-widget-posts\" data-id=\"30aacff\" data-element_type=\"widget\" data-e-type=\"widget\" data-settings=\"{&quot;classic_columns&quot;:&quot;1&quot;,&quot;classic_columns_tablet&quot;:&quot;2&quot;,&quot;classic_columns_mobile&quot;:&quot;1&quot;,&quot;classic_row_gap&quot;:{&quot;unit&quot;:&quot;px&quot;,&quot;size&quot;:35,&quot;sizes&quot;:[]},&quot;classic_row_gap_tablet&quot;:{&quot;unit&quot;:&quot;px&quot;,&quot;size&quot;:&quot;&quot;,&quot;sizes&quot;:[]},&quot;classic_row_gap_mobile&quot;:{&quot;unit&quot;:&quot;px&quot;,&quot;size&quot;:&quot;&quot;,&quot;sizes&quot;:[]}}\" data-widget_type=\"posts.classic\">\n\t\t\t\t<div class=\"elementor-widget-container\">\n\t\t\t\t\t\t\t<div class=\"elementor-posts-container elementor-posts elementor-posts--skin-classic elementor-grid\" role=\"list\">\n\t\t\t\t<article class=\"elementor-post elementor-grid-item post-7861 post type-post status-publish format-standard has-post-thumbnail hentry category-artes-escenicas tag-dia-internacional-de-la-danza entry\" role=\"listitem\">\n\t\t\t\t<a class=\"elementor-post__thumbnail__link\" href=\"https:\/\/lavereda.com.mx\/index.php\/2026\/04\/25\/invitan-a-celebrar-el-dia-internacional-de-la-danza\/\" tabindex=\"-1\" >\n\t\t\t<div class=\"elementor-post__thumbnail\"><img loading=\"lazy\" decoding=\"async\" width=\"1589\" height=\"1023\" src=\"https:\/\/lavereda.com.mx\/wp-content\/uploads\/2026\/04\/WhatsApp-Image-2026-04-24-at-12.58.54-PM.jpeg\" class=\"attachment-full size-full wp-image-7862\" alt=\"\" srcset=\"https:\/\/lavereda.com.mx\/wp-content\/uploads\/2026\/04\/WhatsApp-Image-2026-04-24-at-12.58.54-PM.jpeg 1589w, https:\/\/lavereda.com.mx\/wp-content\/uploads\/2026\/04\/WhatsApp-Image-2026-04-24-at-12.58.54-PM-300x193.jpeg 300w, https:\/\/lavereda.com.mx\/wp-content\/uploads\/2026\/04\/WhatsApp-Image-2026-04-24-at-12.58.54-PM-1024x659.jpeg 1024w, https:\/\/lavereda.com.mx\/wp-content\/uploads\/2026\/04\/WhatsApp-Image-2026-04-24-at-12.58.54-PM-768x494.jpeg 768w, https:\/\/lavereda.com.mx\/wp-content\/uploads\/2026\/04\/WhatsApp-Image-2026-04-24-at-12.58.54-PM-1536x989.jpeg 1536w\" sizes=\"(max-width: 1589px) 100vw, 1589px\" \/><\/div>\n\t\t<\/a>\n\t\t\t\t<div class=\"elementor-post__text\">\n\t\t\t\t<h3 class=\"elementor-post__title\">\n\t\t\t<a href=\"https:\/\/lavereda.com.mx\/index.php\/2026\/04\/25\/invitan-a-celebrar-el-dia-internacional-de-la-danza\/\" >\n\t\t\t\tInvitan a celebrar el D\u00eda Internacional de la Danza\t\t\t<\/a>\n\t\t<\/h3>\n\t\t\t\t<div class=\"elementor-post__meta-data\">\n\t\t\t\t\t<span class=\"elementor-post-date\">\n\t\t\t25 de abril de 2026\t\t<\/span>\n\t\t\t\t<\/div>\n\t\t\n\t\t<a class=\"elementor-post__read-more\" href=\"https:\/\/lavereda.com.mx\/index.php\/2026\/04\/25\/invitan-a-celebrar-el-dia-internacional-de-la-danza\/\" aria-label=\"M\u00e1s informaci\u00f3n sobre Invitan a celebrar el D\u00eda Internacional de la Danza\" tabindex=\"-1\" >\n\t\t\tLeer m\u00e1s \u00bb\t\t<\/a>\n\n\t\t\t\t<\/div>\n\t\t\t\t<\/article>\n\t\t\t\t<article class=\"elementor-post elementor-grid-item post-7816 post type-post status-publish format-standard has-post-thumbnail hentry category-agenda category-artes-escenicas category-educacion entry\" role=\"listitem\">\n\t\t\t\t<a class=\"elementor-post__thumbnail__link\" href=\"https:\/\/lavereda.com.mx\/index.php\/2026\/04\/01\/llega-a-torreon-la-exposicion-la-gran-fuerza-de-mexico\/\" tabindex=\"-1\" >\n\t\t\t<div class=\"elementor-post__thumbnail\"><img loading=\"lazy\" decoding=\"async\" width=\"1280\" height=\"718\" src=\"https:\/\/lavereda.com.mx\/wp-content\/uploads\/2026\/04\/003-LLEGA-A-COAHUILA-LA-EXPOSICION.jpg\" class=\"attachment-full size-full wp-image-7817\" alt=\"\" srcset=\"https:\/\/lavereda.com.mx\/wp-content\/uploads\/2026\/04\/003-LLEGA-A-COAHUILA-LA-EXPOSICION.jpg 1280w, https:\/\/lavereda.com.mx\/wp-content\/uploads\/2026\/04\/003-LLEGA-A-COAHUILA-LA-EXPOSICION-300x168.jpg 300w, https:\/\/lavereda.com.mx\/wp-content\/uploads\/2026\/04\/003-LLEGA-A-COAHUILA-LA-EXPOSICION-1024x574.jpg 1024w, https:\/\/lavereda.com.mx\/wp-content\/uploads\/2026\/04\/003-LLEGA-A-COAHUILA-LA-EXPOSICION-768x431.jpg 768w\" sizes=\"(max-width: 1280px) 100vw, 1280px\" \/><\/div>\n\t\t<\/a>\n\t\t\t\t<div class=\"elementor-post__text\">\n\t\t\t\t<h3 class=\"elementor-post__title\">\n\t\t\t<a href=\"https:\/\/lavereda.com.mx\/index.php\/2026\/04\/01\/llega-a-torreon-la-exposicion-la-gran-fuerza-de-mexico\/\" >\n\t\t\t\tLlega a Torre\u00f3n la exposici\u00f3n \u00abLa Gran Fuerza de M\u00e9xico\u00bb\t\t\t<\/a>\n\t\t<\/h3>\n\t\t\t\t<div class=\"elementor-post__meta-data\">\n\t\t\t\t\t<span class=\"elementor-post-date\">\n\t\t\t1 de abril de 2026\t\t<\/span>\n\t\t\t\t<\/div>\n\t\t\n\t\t<a class=\"elementor-post__read-more\" href=\"https:\/\/lavereda.com.mx\/index.php\/2026\/04\/01\/llega-a-torreon-la-exposicion-la-gran-fuerza-de-mexico\/\" aria-label=\"M\u00e1s informaci\u00f3n sobre Llega a Torre\u00f3n la exposici\u00f3n \u00abLa Gran Fuerza de M\u00e9xico\u00bb\" tabindex=\"-1\" >\n\t\t\tLeer m\u00e1s \u00bb\t\t<\/a>\n\n\t\t\t\t<\/div>\n\t\t\t\t<\/article>\n\t\t\t\t<article class=\"elementor-post elementor-grid-item post-7789 post type-post status-publish format-standard has-post-thumbnail hentry category-artes-escenicas category-educacion tag-dia-mundial-del-teatro entry\" role=\"listitem\">\n\t\t\t\t<a class=\"elementor-post__thumbnail__link\" href=\"https:\/\/lavereda.com.mx\/index.php\/2026\/03\/25\/realizan-jornada-universitaria-por-el-dia-mundial-del-teatro\/\" tabindex=\"-1\" >\n\t\t\t<div class=\"elementor-post__thumbnail\"><img loading=\"lazy\" decoding=\"async\" width=\"1236\" height=\"1600\" src=\"https:\/\/lavereda.com.mx\/wp-content\/uploads\/2026\/03\/Jornada-Universitaria-del-Dia-Mundial-del-Teatro-1.jpeg\" class=\"attachment-full size-full wp-image-7790\" alt=\"\" srcset=\"https:\/\/lavereda.com.mx\/wp-content\/uploads\/2026\/03\/Jornada-Universitaria-del-Dia-Mundial-del-Teatro-1.jpeg 1236w, https:\/\/lavereda.com.mx\/wp-content\/uploads\/2026\/03\/Jornada-Universitaria-del-Dia-Mundial-del-Teatro-1-232x300.jpeg 232w, https:\/\/lavereda.com.mx\/wp-content\/uploads\/2026\/03\/Jornada-Universitaria-del-Dia-Mundial-del-Teatro-1-791x1024.jpeg 791w, https:\/\/lavereda.com.mx\/wp-content\/uploads\/2026\/03\/Jornada-Universitaria-del-Dia-Mundial-del-Teatro-1-768x994.jpeg 768w, https:\/\/lavereda.com.mx\/wp-content\/uploads\/2026\/03\/Jornada-Universitaria-del-Dia-Mundial-del-Teatro-1-1187x1536.jpeg 1187w\" sizes=\"(max-width: 1236px) 100vw, 1236px\" \/><\/div>\n\t\t<\/a>\n\t\t\t\t<div class=\"elementor-post__text\">\n\t\t\t\t<h3 class=\"elementor-post__title\">\n\t\t\t<a href=\"https:\/\/lavereda.com.mx\/index.php\/2026\/03\/25\/realizan-jornada-universitaria-por-el-dia-mundial-del-teatro\/\" >\n\t\t\t\tRealizan jornada universitaria por el D\u00eda Mundial del Teatro\t\t\t<\/a>\n\t\t<\/h3>\n\t\t\t\t<div class=\"elementor-post__meta-data\">\n\t\t\t\t\t<span class=\"elementor-post-date\">\n\t\t\t25 de marzo de 2026\t\t<\/span>\n\t\t\t\t<\/div>\n\t\t\n\t\t<a class=\"elementor-post__read-more\" href=\"https:\/\/lavereda.com.mx\/index.php\/2026\/03\/25\/realizan-jornada-universitaria-por-el-dia-mundial-del-teatro\/\" aria-label=\"M\u00e1s informaci\u00f3n sobre Realizan jornada universitaria por el D\u00eda Mundial del Teatro\" tabindex=\"-1\" >\n\t\t\tLeer m\u00e1s \u00bb\t\t<\/a>\n\n\t\t\t\t<\/div>\n\t\t\t\t<\/article>\n\t\t\t\t<article class=\"elementor-post elementor-grid-item post-7776 post type-post status-publish format-standard has-post-thumbnail hentry category-artes-escenicas entry\" role=\"listitem\">\n\t\t\t\t<a class=\"elementor-post__thumbnail__link\" href=\"https:\/\/lavereda.com.mx\/index.php\/2026\/03\/20\/celebran-el-dia-mundial-del-teatro-con-maraton\/\" tabindex=\"-1\" >\n\t\t\t<div class=\"elementor-post__thumbnail\"><img loading=\"lazy\" decoding=\"async\" width=\"1280\" height=\"728\" src=\"https:\/\/lavereda.com.mx\/wp-content\/uploads\/2026\/03\/WhatsApp-Image-2026-03-19-at-4.33.16-PM.jpeg\" class=\"attachment-full size-full wp-image-7778\" alt=\"\" srcset=\"https:\/\/lavereda.com.mx\/wp-content\/uploads\/2026\/03\/WhatsApp-Image-2026-03-19-at-4.33.16-PM.jpeg 1280w, https:\/\/lavereda.com.mx\/wp-content\/uploads\/2026\/03\/WhatsApp-Image-2026-03-19-at-4.33.16-PM-300x171.jpeg 300w, https:\/\/lavereda.com.mx\/wp-content\/uploads\/2026\/03\/WhatsApp-Image-2026-03-19-at-4.33.16-PM-1024x582.jpeg 1024w, https:\/\/lavereda.com.mx\/wp-content\/uploads\/2026\/03\/WhatsApp-Image-2026-03-19-at-4.33.16-PM-768x437.jpeg 768w\" sizes=\"(max-width: 1280px) 100vw, 1280px\" \/><\/div>\n\t\t<\/a>\n\t\t\t\t<div class=\"elementor-post__text\">\n\t\t\t\t<h3 class=\"elementor-post__title\">\n\t\t\t<a href=\"https:\/\/lavereda.com.mx\/index.php\/2026\/03\/20\/celebran-el-dia-mundial-del-teatro-con-maraton\/\" >\n\t\t\t\tCelebran el D\u00eda Mundial del Teatro con marat\u00f3n\t\t\t<\/a>\n\t\t<\/h3>\n\t\t\t\t<div class=\"elementor-post__meta-data\">\n\t\t\t\t\t<span class=\"elementor-post-date\">\n\t\t\t20 de marzo de 2026\t\t<\/span>\n\t\t\t\t<\/div>\n\t\t\n\t\t<a class=\"elementor-post__read-more\" href=\"https:\/\/lavereda.com.mx\/index.php\/2026\/03\/20\/celebran-el-dia-mundial-del-teatro-con-maraton\/\" aria-label=\"M\u00e1s informaci\u00f3n sobre Celebran el D\u00eda Mundial del Teatro con marat\u00f3n\" tabindex=\"-1\" >\n\t\t\tLeer m\u00e1s \u00bb\t\t<\/a>\n\n\t\t\t\t<\/div>\n\t\t\t\t<\/article>\n\t\t\t\t<article class=\"elementor-post elementor-grid-item post-7771 post type-post status-publish format-standard has-post-thumbnail hentry category-artes-escenicas entry\" role=\"listitem\">\n\t\t\t\t<a class=\"elementor-post__thumbnail__link\" href=\"https:\/\/lavereda.com.mx\/index.php\/2026\/03\/19\/invitan-al-maraton-del-teatro-en-torreon\/\" tabindex=\"-1\" >\n\t\t\t<div class=\"elementor-post__thumbnail\"><img loading=\"lazy\" decoding=\"async\" width=\"1200\" height=\"800\" src=\"https:\/\/lavereda.com.mx\/wp-content\/uploads\/2026\/03\/teatro.jpeg\" class=\"attachment-full size-full wp-image-7773\" alt=\"\" srcset=\"https:\/\/lavereda.com.mx\/wp-content\/uploads\/2026\/03\/teatro.jpeg 1200w, https:\/\/lavereda.com.mx\/wp-content\/uploads\/2026\/03\/teatro-300x200.jpeg 300w, https:\/\/lavereda.com.mx\/wp-content\/uploads\/2026\/03\/teatro-1024x683.jpeg 1024w, https:\/\/lavereda.com.mx\/wp-content\/uploads\/2026\/03\/teatro-768x512.jpeg 768w\" sizes=\"(max-width: 1200px) 100vw, 1200px\" \/><\/div>\n\t\t<\/a>\n\t\t\t\t<div class=\"elementor-post__text\">\n\t\t\t\t<h3 class=\"elementor-post__title\">\n\t\t\t<a href=\"https:\/\/lavereda.com.mx\/index.php\/2026\/03\/19\/invitan-al-maraton-del-teatro-en-torreon\/\" >\n\t\t\t\tInvitan al Marat\u00f3n del Teatro en el Garibay\t\t\t<\/a>\n\t\t<\/h3>\n\t\t\t\t<div class=\"elementor-post__meta-data\">\n\t\t\t\t\t<span class=\"elementor-post-date\">\n\t\t\t19 de marzo de 2026\t\t<\/span>\n\t\t\t\t<\/div>\n\t\t\n\t\t<a class=\"elementor-post__read-more\" href=\"https:\/\/lavereda.com.mx\/index.php\/2026\/03\/19\/invitan-al-maraton-del-teatro-en-torreon\/\" aria-label=\"M\u00e1s informaci\u00f3n sobre Invitan al Marat\u00f3n del Teatro en el Garibay\" tabindex=\"-1\" >\n\t\t\tLeer m\u00e1s \u00bb\t\t<\/a>\n\n\t\t\t\t<\/div>\n\t\t\t\t<\/article>\n\t\t\t\t<article class=\"elementor-post elementor-grid-item post-7754 post type-post status-publish format-standard has-post-thumbnail hentry category-artes-escenicas entry\" role=\"listitem\">\n\t\t\t\t<a class=\"elementor-post__thumbnail__link\" href=\"https:\/\/lavereda.com.mx\/index.php\/2026\/03\/13\/mezquite-celebra-30-anos-de-hacer-danza\/\" tabindex=\"-1\" >\n\t\t\t<div class=\"elementor-post__thumbnail\"><img loading=\"lazy\" decoding=\"async\" width=\"1300\" height=\"833\" src=\"https:\/\/lavereda.com.mx\/wp-content\/uploads\/2026\/03\/IMG_6469.jpg\" class=\"attachment-full size-full wp-image-7756\" alt=\"\" srcset=\"https:\/\/lavereda.com.mx\/wp-content\/uploads\/2026\/03\/IMG_6469.jpg 1300w, https:\/\/lavereda.com.mx\/wp-content\/uploads\/2026\/03\/IMG_6469-300x192.jpg 300w, https:\/\/lavereda.com.mx\/wp-content\/uploads\/2026\/03\/IMG_6469-1024x656.jpg 1024w, https:\/\/lavereda.com.mx\/wp-content\/uploads\/2026\/03\/IMG_6469-768x492.jpg 768w\" sizes=\"(max-width: 1300px) 100vw, 1300px\" \/><\/div>\n\t\t<\/a>\n\t\t\t\t<div class=\"elementor-post__text\">\n\t\t\t\t<h3 class=\"elementor-post__title\">\n\t\t\t<a href=\"https:\/\/lavereda.com.mx\/index.php\/2026\/03\/13\/mezquite-celebra-30-anos-de-hacer-danza\/\" >\n\t\t\t\tMezquite celebra 30 a\u00f1os de hacer danza\t\t\t<\/a>\n\t\t<\/h3>\n\t\t\t\t<div class=\"elementor-post__meta-data\">\n\t\t\t\t\t<span class=\"elementor-post-date\">\n\t\t\t13 de marzo de 2026\t\t<\/span>\n\t\t\t\t<\/div>\n\t\t\n\t\t<a class=\"elementor-post__read-more\" href=\"https:\/\/lavereda.com.mx\/index.php\/2026\/03\/13\/mezquite-celebra-30-anos-de-hacer-danza\/\" aria-label=\"M\u00e1s informaci\u00f3n sobre Mezquite celebra 30 a\u00f1os de hacer danza\" tabindex=\"-1\" >\n\t\t\tLeer m\u00e1s \u00bb\t\t<\/a>\n\n\t\t\t\t<\/div>\n\t\t\t\t<\/article>\n\t\t\t\t<\/div>\n\t\t\n\t\t\t\t\t\t<\/div>\n\t\t\t\t<\/div>\n\t\t\t\t\t<\/div>\n\t\t<\/div>\n\t\t\t\t<div class=\"elementor-column elementor-col-33 elementor-top-column elementor-element elementor-element-79f40a2\" data-id=\"79f40a2\" data-element_type=\"column\" data-e-type=\"column\">\n\t\t\t<div class=\"elementor-widget-wrap elementor-element-populated\">\n\t\t\t\t\t\t<div class=\"elementor-element elementor-element-1bb4eef elementor-widget elementor-widget-heading\" data-id=\"1bb4eef\" data-element_type=\"widget\" data-e-type=\"widget\" data-widget_type=\"heading.default\">\n\t\t\t\t<div class=\"elementor-widget-container\">\n\t\t\t\t\t<h2 class=\"elementor-heading-title elementor-size-default\">ARTES VISUALES<\/h2>\t\t\t\t<\/div>\n\t\t\t\t<\/div>\n\t\t\t\t<div class=\"elementor-element elementor-element-4d48a25 elementor-grid-1 elementor-posts--thumbnail-left elementor-grid-tablet-2 elementor-grid-mobile-1 elementor-widget elementor-widget-posts\" data-id=\"4d48a25\" data-element_type=\"widget\" data-e-type=\"widget\" data-settings=\"{&quot;classic_columns&quot;:&quot;1&quot;,&quot;classic_columns_tablet&quot;:&quot;2&quot;,&quot;classic_columns_mobile&quot;:&quot;1&quot;,&quot;classic_row_gap&quot;:{&quot;unit&quot;:&quot;px&quot;,&quot;size&quot;:35,&quot;sizes&quot;:[]},&quot;classic_row_gap_tablet&quot;:{&quot;unit&quot;:&quot;px&quot;,&quot;size&quot;:&quot;&quot;,&quot;sizes&quot;:[]},&quot;classic_row_gap_mobile&quot;:{&quot;unit&quot;:&quot;px&quot;,&quot;size&quot;:&quot;&quot;,&quot;sizes&quot;:[]}}\" data-widget_type=\"posts.classic\">\n\t\t\t\t<div class=\"elementor-widget-container\">\n\t\t\t\t\t\t\t<div class=\"elementor-posts-container elementor-posts elementor-posts--skin-classic elementor-grid\" role=\"list\">\n\t\t\t\t<article class=\"elementor-post elementor-grid-item post-7856 post type-post status-publish format-standard has-post-thumbnail hentry category-artes-visuales category-lomasrelevante tag-artes-visuales tag-teatro-isauro-martinez entry\" role=\"listitem\">\n\t\t\t\t<a class=\"elementor-post__thumbnail__link\" href=\"https:\/\/lavereda.com.mx\/index.php\/2026\/04\/22\/artistas-laguneros-presentan-la-exposicion-rastros-de-humo\/\" tabindex=\"-1\" >\n\t\t\t<div class=\"elementor-post__thumbnail\"><img loading=\"lazy\" decoding=\"async\" width=\"1200\" height=\"700\" src=\"https:\/\/lavereda.com.mx\/wp-content\/uploads\/2026\/04\/rastros3.jpeg\" class=\"attachment-full size-full wp-image-7857\" alt=\"\" srcset=\"https:\/\/lavereda.com.mx\/wp-content\/uploads\/2026\/04\/rastros3.jpeg 1200w, https:\/\/lavereda.com.mx\/wp-content\/uploads\/2026\/04\/rastros3-300x175.jpeg 300w, https:\/\/lavereda.com.mx\/wp-content\/uploads\/2026\/04\/rastros3-1024x597.jpeg 1024w, https:\/\/lavereda.com.mx\/wp-content\/uploads\/2026\/04\/rastros3-768x448.jpeg 768w\" sizes=\"(max-width: 1200px) 100vw, 1200px\" \/><\/div>\n\t\t<\/a>\n\t\t\t\t<div class=\"elementor-post__text\">\n\t\t\t\t<h3 class=\"elementor-post__title\">\n\t\t\t<a href=\"https:\/\/lavereda.com.mx\/index.php\/2026\/04\/22\/artistas-laguneros-presentan-la-exposicion-rastros-de-humo\/\" >\n\t\t\t\tArtistas laguneros presentan la exposici\u00f3n \u201cRastros de Humo\u201d\t\t\t<\/a>\n\t\t<\/h3>\n\t\t\t\t<div class=\"elementor-post__meta-data\">\n\t\t\t\t\t<span class=\"elementor-post-date\">\n\t\t\t22 de abril de 2026\t\t<\/span>\n\t\t\t\t<\/div>\n\t\t\n\t\t<a class=\"elementor-post__read-more\" href=\"https:\/\/lavereda.com.mx\/index.php\/2026\/04\/22\/artistas-laguneros-presentan-la-exposicion-rastros-de-humo\/\" aria-label=\"M\u00e1s informaci\u00f3n sobre Artistas laguneros presentan la exposici\u00f3n \u201cRastros de Humo\u201d\" tabindex=\"-1\" >\n\t\t\tLeer m\u00e1s \u00bb\t\t<\/a>\n\n\t\t\t\t<\/div>\n\t\t\t\t<\/article>\n\t\t\t\t<article class=\"elementor-post elementor-grid-item post-7841 post type-post status-publish format-standard has-post-thumbnail hentry category-artes-visuales tag-arte-grafico tag-grabado entry\" role=\"listitem\">\n\t\t\t\t<a class=\"elementor-post__thumbnail__link\" href=\"https:\/\/lavereda.com.mx\/index.php\/2026\/04\/17\/el-artista-mack-doselementos-inaugura-imackginario-grafico\/\" tabindex=\"-1\" >\n\t\t\t<div class=\"elementor-post__thumbnail\"><img loading=\"lazy\" decoding=\"async\" width=\"1280\" height=\"960\" src=\"https:\/\/lavereda.com.mx\/wp-content\/uploads\/2026\/04\/WhatsApp-Image-2026-04-16-at-3.01.22-PM.jpeg\" class=\"attachment-full size-full wp-image-7843\" alt=\"\" srcset=\"https:\/\/lavereda.com.mx\/wp-content\/uploads\/2026\/04\/WhatsApp-Image-2026-04-16-at-3.01.22-PM.jpeg 1280w, https:\/\/lavereda.com.mx\/wp-content\/uploads\/2026\/04\/WhatsApp-Image-2026-04-16-at-3.01.22-PM-300x225.jpeg 300w, https:\/\/lavereda.com.mx\/wp-content\/uploads\/2026\/04\/WhatsApp-Image-2026-04-16-at-3.01.22-PM-1024x768.jpeg 1024w, https:\/\/lavereda.com.mx\/wp-content\/uploads\/2026\/04\/WhatsApp-Image-2026-04-16-at-3.01.22-PM-768x576.jpeg 768w\" sizes=\"(max-width: 1280px) 100vw, 1280px\" \/><\/div>\n\t\t<\/a>\n\t\t\t\t<div class=\"elementor-post__text\">\n\t\t\t\t<h3 class=\"elementor-post__title\">\n\t\t\t<a href=\"https:\/\/lavereda.com.mx\/index.php\/2026\/04\/17\/el-artista-mack-doselementos-inaugura-imackginario-grafico\/\" >\n\t\t\t\tEl artista Mack Doselementos inaugura \u201cImackginario gr\u00e1fico\u201d\t\t\t<\/a>\n\t\t<\/h3>\n\t\t\t\t<div class=\"elementor-post__meta-data\">\n\t\t\t\t\t<span class=\"elementor-post-date\">\n\t\t\t17 de abril de 2026\t\t<\/span>\n\t\t\t\t<\/div>\n\t\t\n\t\t<a class=\"elementor-post__read-more\" href=\"https:\/\/lavereda.com.mx\/index.php\/2026\/04\/17\/el-artista-mack-doselementos-inaugura-imackginario-grafico\/\" aria-label=\"M\u00e1s informaci\u00f3n sobre El artista Mack Doselementos inaugura \u201cImackginario gr\u00e1fico\u201d\" tabindex=\"-1\" >\n\t\t\tLeer m\u00e1s \u00bb\t\t<\/a>\n\n\t\t\t\t<\/div>\n\t\t\t\t<\/article>\n\t\t\t\t<article class=\"elementor-post elementor-grid-item post-7797 post type-post status-publish format-standard has-post-thumbnail hentry category-artes-visuales tag-remedios-varo entry\" role=\"listitem\">\n\t\t\t\t<a class=\"elementor-post__thumbnail__link\" href=\"https:\/\/lavereda.com.mx\/index.php\/2026\/03\/27\/el-museo-de-arte-moderno-presenta-remedios-varo-habitantes-de-lo-insolito\/\" tabindex=\"-1\" >\n\t\t\t<div class=\"elementor-post__thumbnail\"><img loading=\"lazy\" decoding=\"async\" width=\"1600\" height=\"1066\" src=\"https:\/\/lavereda.com.mx\/wp-content\/uploads\/2026\/03\/Exposicion-Remedios-Varo.-Habitantes-de-lo-insolito-Foto-Cortesia-INBAL-4.jpeg\" class=\"attachment-full size-full wp-image-7800\" alt=\"\" srcset=\"https:\/\/lavereda.com.mx\/wp-content\/uploads\/2026\/03\/Exposicion-Remedios-Varo.-Habitantes-de-lo-insolito-Foto-Cortesia-INBAL-4.jpeg 1600w, https:\/\/lavereda.com.mx\/wp-content\/uploads\/2026\/03\/Exposicion-Remedios-Varo.-Habitantes-de-lo-insolito-Foto-Cortesia-INBAL-4-300x200.jpeg 300w, https:\/\/lavereda.com.mx\/wp-content\/uploads\/2026\/03\/Exposicion-Remedios-Varo.-Habitantes-de-lo-insolito-Foto-Cortesia-INBAL-4-1024x682.jpeg 1024w, https:\/\/lavereda.com.mx\/wp-content\/uploads\/2026\/03\/Exposicion-Remedios-Varo.-Habitantes-de-lo-insolito-Foto-Cortesia-INBAL-4-768x512.jpeg 768w, https:\/\/lavereda.com.mx\/wp-content\/uploads\/2026\/03\/Exposicion-Remedios-Varo.-Habitantes-de-lo-insolito-Foto-Cortesia-INBAL-4-1536x1023.jpeg 1536w\" sizes=\"(max-width: 1600px) 100vw, 1600px\" \/><\/div>\n\t\t<\/a>\n\t\t\t\t<div class=\"elementor-post__text\">\n\t\t\t\t<h3 class=\"elementor-post__title\">\n\t\t\t<a href=\"https:\/\/lavereda.com.mx\/index.php\/2026\/03\/27\/el-museo-de-arte-moderno-presenta-remedios-varo-habitantes-de-lo-insolito\/\" >\n\t\t\t\tEl Museo de Arte Moderno presenta \u00abRemedios Varo. Habitantes de lo Ins\u00f3lito\u00bb\t\t\t<\/a>\n\t\t<\/h3>\n\t\t\t\t<div class=\"elementor-post__meta-data\">\n\t\t\t\t\t<span class=\"elementor-post-date\">\n\t\t\t27 de marzo de 2026\t\t<\/span>\n\t\t\t\t<\/div>\n\t\t\n\t\t<a class=\"elementor-post__read-more\" href=\"https:\/\/lavereda.com.mx\/index.php\/2026\/03\/27\/el-museo-de-arte-moderno-presenta-remedios-varo-habitantes-de-lo-insolito\/\" aria-label=\"M\u00e1s informaci\u00f3n sobre El Museo de Arte Moderno presenta \u00abRemedios Varo. Habitantes de lo Ins\u00f3lito\u00bb\" tabindex=\"-1\" >\n\t\t\tLeer m\u00e1s \u00bb\t\t<\/a>\n\n\t\t\t\t<\/div>\n\t\t\t\t<\/article>\n\t\t\t\t<article class=\"elementor-post elementor-grid-item post-7727 post type-post status-publish format-standard has-post-thumbnail hentry category-artes-visuales entry\" role=\"listitem\">\n\t\t\t\t<a class=\"elementor-post__thumbnail__link\" href=\"https:\/\/lavereda.com.mx\/index.php\/2026\/03\/06\/radio-torreon-presenta-concursos-de-lectura-y-pintura\/\" tabindex=\"-1\" >\n\t\t\t<div class=\"elementor-post__thumbnail\"><img loading=\"lazy\" decoding=\"async\" width=\"1200\" height=\"770\" src=\"https:\/\/lavereda.com.mx\/wp-content\/uploads\/2026\/03\/Rtrueda.jpeg\" class=\"attachment-full size-full wp-image-7728\" alt=\"\" srcset=\"https:\/\/lavereda.com.mx\/wp-content\/uploads\/2026\/03\/Rtrueda.jpeg 1200w, https:\/\/lavereda.com.mx\/wp-content\/uploads\/2026\/03\/Rtrueda-300x193.jpeg 300w, https:\/\/lavereda.com.mx\/wp-content\/uploads\/2026\/03\/Rtrueda-1024x657.jpeg 1024w, https:\/\/lavereda.com.mx\/wp-content\/uploads\/2026\/03\/Rtrueda-768x493.jpeg 768w\" sizes=\"(max-width: 1200px) 100vw, 1200px\" \/><\/div>\n\t\t<\/a>\n\t\t\t\t<div class=\"elementor-post__text\">\n\t\t\t\t<h3 class=\"elementor-post__title\">\n\t\t\t<a href=\"https:\/\/lavereda.com.mx\/index.php\/2026\/03\/06\/radio-torreon-presenta-concursos-de-lectura-y-pintura\/\" >\n\t\t\t\tRadio Torre\u00f3n presenta concursos de lectura y pintura\t\t\t<\/a>\n\t\t<\/h3>\n\t\t\t\t<div class=\"elementor-post__meta-data\">\n\t\t\t\t\t<span class=\"elementor-post-date\">\n\t\t\t6 de marzo de 2026\t\t<\/span>\n\t\t\t\t<\/div>\n\t\t\n\t\t<a class=\"elementor-post__read-more\" href=\"https:\/\/lavereda.com.mx\/index.php\/2026\/03\/06\/radio-torreon-presenta-concursos-de-lectura-y-pintura\/\" aria-label=\"M\u00e1s informaci\u00f3n sobre Radio Torre\u00f3n presenta concursos de lectura y pintura\" tabindex=\"-1\" >\n\t\t\tLeer m\u00e1s \u00bb\t\t<\/a>\n\n\t\t\t\t<\/div>\n\t\t\t\t<\/article>\n\t\t\t\t<article class=\"elementor-post elementor-grid-item post-7715 post type-post status-publish format-standard has-post-thumbnail hentry category-agenda category-artes-visuales tag-museo-arocena entry\" role=\"listitem\">\n\t\t\t\t<a class=\"elementor-post__thumbnail__link\" href=\"https:\/\/lavereda.com.mx\/index.php\/2026\/03\/02\/museo-arocena-inaugura-nueva-obra-grafica-de-artista-neerlandes\/\" tabindex=\"-1\" >\n\t\t\t<div class=\"elementor-post__thumbnail\"><img loading=\"lazy\" decoding=\"async\" width=\"1280\" height=\"960\" src=\"https:\/\/lavereda.com.mx\/wp-content\/uploads\/2026\/03\/WhatsApp-Image-2026-03-02-at-12.18.58-PM.jpeg\" class=\"attachment-full size-full wp-image-7716\" alt=\"\" srcset=\"https:\/\/lavereda.com.mx\/wp-content\/uploads\/2026\/03\/WhatsApp-Image-2026-03-02-at-12.18.58-PM.jpeg 1280w, https:\/\/lavereda.com.mx\/wp-content\/uploads\/2026\/03\/WhatsApp-Image-2026-03-02-at-12.18.58-PM-300x225.jpeg 300w, https:\/\/lavereda.com.mx\/wp-content\/uploads\/2026\/03\/WhatsApp-Image-2026-03-02-at-12.18.58-PM-1024x768.jpeg 1024w, https:\/\/lavereda.com.mx\/wp-content\/uploads\/2026\/03\/WhatsApp-Image-2026-03-02-at-12.18.58-PM-768x576.jpeg 768w\" sizes=\"(max-width: 1280px) 100vw, 1280px\" \/><\/div>\n\t\t<\/a>\n\t\t\t\t<div class=\"elementor-post__text\">\n\t\t\t\t<h3 class=\"elementor-post__title\">\n\t\t\t<a href=\"https:\/\/lavereda.com.mx\/index.php\/2026\/03\/02\/museo-arocena-inaugura-nueva-obra-grafica-de-artista-neerlandes\/\" >\n\t\t\t\tMuseo Arocena inaugura nueva obra gr\u00e1fica de artista neerland\u00e9s\t\t\t<\/a>\n\t\t<\/h3>\n\t\t\t\t<div class=\"elementor-post__meta-data\">\n\t\t\t\t\t<span class=\"elementor-post-date\">\n\t\t\t2 de marzo de 2026\t\t<\/span>\n\t\t\t\t<\/div>\n\t\t\n\t\t<a class=\"elementor-post__read-more\" href=\"https:\/\/lavereda.com.mx\/index.php\/2026\/03\/02\/museo-arocena-inaugura-nueva-obra-grafica-de-artista-neerlandes\/\" aria-label=\"M\u00e1s informaci\u00f3n sobre Museo Arocena inaugura nueva obra gr\u00e1fica de artista neerland\u00e9s\" tabindex=\"-1\" >\n\t\t\tLeer m\u00e1s \u00bb\t\t<\/a>\n\n\t\t\t\t<\/div>\n\t\t\t\t<\/article>\n\t\t\t\t<article class=\"elementor-post elementor-grid-item post-7443 post type-post status-publish format-standard has-post-thumbnail hentry category-artes-visuales tag-artes-visuales tag-grabado tag-torreon-2 entry\" role=\"listitem\">\n\t\t\t\t<a class=\"elementor-post__thumbnail__link\" href=\"https:\/\/lavereda.com.mx\/index.php\/2026\/01\/28\/el-artista-grafico-alonso-licerio-recibe-homenaje\/\" tabindex=\"-1\" >\n\t\t\t<div class=\"elementor-post__thumbnail\"><img loading=\"lazy\" decoding=\"async\" width=\"1200\" height=\"900\" src=\"https:\/\/lavereda.com.mx\/wp-content\/uploads\/2026\/01\/HomenajeLicerio.jpeg\" class=\"attachment-full size-full wp-image-7445\" alt=\"\" srcset=\"https:\/\/lavereda.com.mx\/wp-content\/uploads\/2026\/01\/HomenajeLicerio.jpeg 1200w, https:\/\/lavereda.com.mx\/wp-content\/uploads\/2026\/01\/HomenajeLicerio-300x225.jpeg 300w, https:\/\/lavereda.com.mx\/wp-content\/uploads\/2026\/01\/HomenajeLicerio-1024x768.jpeg 1024w, https:\/\/lavereda.com.mx\/wp-content\/uploads\/2026\/01\/HomenajeLicerio-768x576.jpeg 768w\" sizes=\"(max-width: 1200px) 100vw, 1200px\" \/><\/div>\n\t\t<\/a>\n\t\t\t\t<div class=\"elementor-post__text\">\n\t\t\t\t<h3 class=\"elementor-post__title\">\n\t\t\t<a href=\"https:\/\/lavereda.com.mx\/index.php\/2026\/01\/28\/el-artista-grafico-alonso-licerio-recibe-homenaje\/\" >\n\t\t\t\tEl artista gr\u00e1fico Alonso Licerio recibe homenaje\t\t\t<\/a>\n\t\t<\/h3>\n\t\t\t\t<div class=\"elementor-post__meta-data\">\n\t\t\t\t\t<span class=\"elementor-post-date\">\n\t\t\t28 de enero de 2026\t\t<\/span>\n\t\t\t\t<\/div>\n\t\t\n\t\t<a class=\"elementor-post__read-more\" href=\"https:\/\/lavereda.com.mx\/index.php\/2026\/01\/28\/el-artista-grafico-alonso-licerio-recibe-homenaje\/\" aria-label=\"M\u00e1s informaci\u00f3n sobre El artista gr\u00e1fico Alonso Licerio recibe homenaje\" tabindex=\"-1\" >\n\t\t\tLeer m\u00e1s \u00bb\t\t<\/a>\n\n\t\t\t\t<\/div>\n\t\t\t\t<\/article>\n\t\t\t\t<\/div>\n\t\t\n\t\t\t\t\t\t<\/div>\n\t\t\t\t<\/div>\n\t\t\t\t\t<\/div>\n\t\t<\/div>\n\t\t\t\t<div class=\"elementor-column elementor-col-33 elementor-top-column elementor-element elementor-element-903eba8\" data-id=\"903eba8\" data-element_type=\"column\" data-e-type=\"column\">\n\t\t\t<div class=\"elementor-widget-wrap elementor-element-populated\">\n\t\t\t\t\t\t<div class=\"elementor-element elementor-element-7adccf5 elementor-widget elementor-widget-heading\" data-id=\"7adccf5\" data-element_type=\"widget\" data-e-type=\"widget\" data-widget_type=\"heading.default\">\n\t\t\t\t<div class=\"elementor-widget-container\">\n\t\t\t\t\t<h2 class=\"elementor-heading-title elementor-size-default\">CINE Y TV<\/h2>\t\t\t\t<\/div>\n\t\t\t\t<\/div>\n\t\t\t\t<div class=\"elementor-element elementor-element-a9d2ca8 elementor-grid-1 elementor-posts--thumbnail-left elementor-grid-tablet-2 elementor-grid-mobile-1 elementor-widget elementor-widget-posts\" data-id=\"a9d2ca8\" data-element_type=\"widget\" data-e-type=\"widget\" data-settings=\"{&quot;classic_columns&quot;:&quot;1&quot;,&quot;classic_columns_tablet&quot;:&quot;2&quot;,&quot;classic_columns_mobile&quot;:&quot;1&quot;,&quot;classic_row_gap&quot;:{&quot;unit&quot;:&quot;px&quot;,&quot;size&quot;:35,&quot;sizes&quot;:[]},&quot;classic_row_gap_tablet&quot;:{&quot;unit&quot;:&quot;px&quot;,&quot;size&quot;:&quot;&quot;,&quot;sizes&quot;:[]},&quot;classic_row_gap_mobile&quot;:{&quot;unit&quot;:&quot;px&quot;,&quot;size&quot;:&quot;&quot;,&quot;sizes&quot;:[]}}\" data-widget_type=\"posts.classic\">\n\t\t\t\t<div class=\"elementor-widget-container\">\n\t\t\t\t\t\t\t<div class=\"elementor-posts-container elementor-posts elementor-posts--skin-classic elementor-grid\" role=\"list\">\n\t\t\t\t<article class=\"elementor-post elementor-grid-item post-7864 post type-post status-publish format-standard has-post-thumbnail hentry category-cinetv tag-euphoria entry\" role=\"listitem\">\n\t\t\t\t<a class=\"elementor-post__thumbnail__link\" href=\"https:\/\/lavereda.com.mx\/index.php\/2026\/04\/25\/euphoria\/\" tabindex=\"-1\" >\n\t\t\t<div class=\"elementor-post__thumbnail\"><img loading=\"lazy\" decoding=\"async\" width=\"1100\" height=\"825\" src=\"https:\/\/lavereda.com.mx\/wp-content\/uploads\/2026\/04\/euphoria.jpg\" class=\"attachment-full size-full wp-image-7865\" alt=\"\" srcset=\"https:\/\/lavereda.com.mx\/wp-content\/uploads\/2026\/04\/euphoria.jpg 1100w, https:\/\/lavereda.com.mx\/wp-content\/uploads\/2026\/04\/euphoria-300x225.jpg 300w, https:\/\/lavereda.com.mx\/wp-content\/uploads\/2026\/04\/euphoria-1024x768.jpg 1024w, https:\/\/lavereda.com.mx\/wp-content\/uploads\/2026\/04\/euphoria-768x576.jpg 768w\" sizes=\"(max-width: 1100px) 100vw, 1100px\" \/><\/div>\n\t\t<\/a>\n\t\t\t\t<div class=\"elementor-post__text\">\n\t\t\t\t<h3 class=\"elementor-post__title\">\n\t\t\t<a href=\"https:\/\/lavereda.com.mx\/index.php\/2026\/04\/25\/euphoria\/\" >\n\t\t\t\tEuphoria\t\t\t<\/a>\n\t\t<\/h3>\n\t\t\t\t<div class=\"elementor-post__meta-data\">\n\t\t\t\t\t<span class=\"elementor-post-date\">\n\t\t\t25 de abril de 2026\t\t<\/span>\n\t\t\t\t<\/div>\n\t\t\n\t\t<a class=\"elementor-post__read-more\" href=\"https:\/\/lavereda.com.mx\/index.php\/2026\/04\/25\/euphoria\/\" aria-label=\"M\u00e1s informaci\u00f3n sobre Euphoria\" tabindex=\"-1\" >\n\t\t\tLeer m\u00e1s \u00bb\t\t<\/a>\n\n\t\t\t\t<\/div>\n\t\t\t\t<\/article>\n\t\t\t\t<article class=\"elementor-post elementor-grid-item post-7849 post type-post status-publish format-standard has-post-thumbnail hentry category-cinetv entry\" role=\"listitem\">\n\t\t\t\t<a class=\"elementor-post__thumbnail__link\" href=\"https:\/\/lavereda.com.mx\/index.php\/2026\/04\/19\/arco-2025\/\" tabindex=\"-1\" >\n\t\t\t<div class=\"elementor-post__thumbnail\"><img loading=\"lazy\" decoding=\"async\" width=\"1200\" height=\"671\" src=\"https:\/\/lavereda.com.mx\/wp-content\/uploads\/2026\/04\/arco1_.jpg\" class=\"attachment-full size-full wp-image-7850\" alt=\"\" srcset=\"https:\/\/lavereda.com.mx\/wp-content\/uploads\/2026\/04\/arco1_.jpg 1200w, https:\/\/lavereda.com.mx\/wp-content\/uploads\/2026\/04\/arco1_-300x168.jpg 300w, https:\/\/lavereda.com.mx\/wp-content\/uploads\/2026\/04\/arco1_-1024x573.jpg 1024w, https:\/\/lavereda.com.mx\/wp-content\/uploads\/2026\/04\/arco1_-768x429.jpg 768w\" sizes=\"(max-width: 1200px) 100vw, 1200px\" \/><\/div>\n\t\t<\/a>\n\t\t\t\t<div class=\"elementor-post__text\">\n\t\t\t\t<h3 class=\"elementor-post__title\">\n\t\t\t<a href=\"https:\/\/lavereda.com.mx\/index.php\/2026\/04\/19\/arco-2025\/\" >\n\t\t\t\tArco (2025)\t\t\t<\/a>\n\t\t<\/h3>\n\t\t\t\t<div class=\"elementor-post__meta-data\">\n\t\t\t\t\t<span class=\"elementor-post-date\">\n\t\t\t19 de abril de 2026\t\t<\/span>\n\t\t\t\t<\/div>\n\t\t\n\t\t<a class=\"elementor-post__read-more\" href=\"https:\/\/lavereda.com.mx\/index.php\/2026\/04\/19\/arco-2025\/\" aria-label=\"M\u00e1s informaci\u00f3n sobre Arco (2025)\" tabindex=\"-1\" >\n\t\t\tLeer m\u00e1s \u00bb\t\t<\/a>\n\n\t\t\t\t<\/div>\n\t\t\t\t<\/article>\n\t\t\t\t<article class=\"elementor-post elementor-grid-item post-7846 post type-post status-publish format-standard has-post-thumbnail hentry category-cinetv entry\" role=\"listitem\">\n\t\t\t\t<a class=\"elementor-post__thumbnail__link\" href=\"https:\/\/lavereda.com.mx\/index.php\/2026\/04\/18\/the-drama-2026\/\" tabindex=\"-1\" >\n\t\t\t<div class=\"elementor-post__thumbnail\"><img loading=\"lazy\" decoding=\"async\" width=\"1200\" height=\"675\" src=\"https:\/\/lavereda.com.mx\/wp-content\/uploads\/2026\/04\/poster-the-drama-pelicula.jpg\" class=\"attachment-full size-full wp-image-7847\" alt=\"\" srcset=\"https:\/\/lavereda.com.mx\/wp-content\/uploads\/2026\/04\/poster-the-drama-pelicula.jpg 1200w, https:\/\/lavereda.com.mx\/wp-content\/uploads\/2026\/04\/poster-the-drama-pelicula-300x169.jpg 300w, https:\/\/lavereda.com.mx\/wp-content\/uploads\/2026\/04\/poster-the-drama-pelicula-1024x576.jpg 1024w, https:\/\/lavereda.com.mx\/wp-content\/uploads\/2026\/04\/poster-the-drama-pelicula-768x432.jpg 768w\" sizes=\"(max-width: 1200px) 100vw, 1200px\" \/><\/div>\n\t\t<\/a>\n\t\t\t\t<div class=\"elementor-post__text\">\n\t\t\t\t<h3 class=\"elementor-post__title\">\n\t\t\t<a href=\"https:\/\/lavereda.com.mx\/index.php\/2026\/04\/18\/the-drama-2026\/\" >\n\t\t\t\tThe Drama (2026)\t\t\t<\/a>\n\t\t<\/h3>\n\t\t\t\t<div class=\"elementor-post__meta-data\">\n\t\t\t\t\t<span class=\"elementor-post-date\">\n\t\t\t18 de abril de 2026\t\t<\/span>\n\t\t\t\t<\/div>\n\t\t\n\t\t<a class=\"elementor-post__read-more\" href=\"https:\/\/lavereda.com.mx\/index.php\/2026\/04\/18\/the-drama-2026\/\" aria-label=\"M\u00e1s informaci\u00f3n sobre The Drama (2026)\" tabindex=\"-1\" >\n\t\t\tLeer m\u00e1s \u00bb\t\t<\/a>\n\n\t\t\t\t<\/div>\n\t\t\t\t<\/article>\n\t\t\t\t<article class=\"elementor-post elementor-grid-item post-7838 post type-post status-publish format-standard has-post-thumbnail hentry category-cinetv category-entretenimiento tag-the-super-mario-bros entry\" role=\"listitem\">\n\t\t\t\t<a class=\"elementor-post__thumbnail__link\" href=\"https:\/\/lavereda.com.mx\/index.php\/2026\/04\/12\/the-super-mario-galaxy-movie-2026\/\" tabindex=\"-1\" >\n\t\t\t<div class=\"elementor-post__thumbnail\"><img loading=\"lazy\" decoding=\"async\" width=\"1200\" height=\"675\" src=\"https:\/\/lavereda.com.mx\/wp-content\/uploads\/2026\/04\/SuperMario.jpg\" class=\"attachment-full size-full wp-image-7839\" alt=\"\" srcset=\"https:\/\/lavereda.com.mx\/wp-content\/uploads\/2026\/04\/SuperMario.jpg 1200w, https:\/\/lavereda.com.mx\/wp-content\/uploads\/2026\/04\/SuperMario-300x169.jpg 300w, https:\/\/lavereda.com.mx\/wp-content\/uploads\/2026\/04\/SuperMario-1024x576.jpg 1024w, https:\/\/lavereda.com.mx\/wp-content\/uploads\/2026\/04\/SuperMario-768x432.jpg 768w\" sizes=\"(max-width: 1200px) 100vw, 1200px\" \/><\/div>\n\t\t<\/a>\n\t\t\t\t<div class=\"elementor-post__text\">\n\t\t\t\t<h3 class=\"elementor-post__title\">\n\t\t\t<a href=\"https:\/\/lavereda.com.mx\/index.php\/2026\/04\/12\/the-super-mario-galaxy-movie-2026\/\" >\n\t\t\t\tThe Super Mario Galaxy Movie (2026)\t\t\t<\/a>\n\t\t<\/h3>\n\t\t\t\t<div class=\"elementor-post__meta-data\">\n\t\t\t\t\t<span class=\"elementor-post-date\">\n\t\t\t12 de abril de 2026\t\t<\/span>\n\t\t\t\t<\/div>\n\t\t\n\t\t<a class=\"elementor-post__read-more\" href=\"https:\/\/lavereda.com.mx\/index.php\/2026\/04\/12\/the-super-mario-galaxy-movie-2026\/\" aria-label=\"M\u00e1s informaci\u00f3n sobre The Super Mario Galaxy Movie (2026)\" tabindex=\"-1\" >\n\t\t\tLeer m\u00e1s \u00bb\t\t<\/a>\n\n\t\t\t\t<\/div>\n\t\t\t\t<\/article>\n\t\t\t\t<article class=\"elementor-post elementor-grid-item post-7822 post type-post status-publish format-standard has-post-thumbnail hentry category-cinetv tag-man-on-de-run tag-paul-mccartney entry\" role=\"listitem\">\n\t\t\t\t<a class=\"elementor-post__thumbnail__link\" href=\"https:\/\/lavereda.com.mx\/index.php\/2026\/04\/06\/man-on-the-run\/\" tabindex=\"-1\" >\n\t\t\t<div class=\"elementor-post__thumbnail\"><img loading=\"lazy\" decoding=\"async\" width=\"1160\" height=\"700\" src=\"https:\/\/lavereda.com.mx\/wp-content\/uploads\/2026\/04\/Paul-McCartney-man-on-the-run-e1769637412528-1160x700-1.jpeg\" class=\"attachment-full size-full wp-image-7823\" alt=\"\" srcset=\"https:\/\/lavereda.com.mx\/wp-content\/uploads\/2026\/04\/Paul-McCartney-man-on-the-run-e1769637412528-1160x700-1.jpeg 1160w, https:\/\/lavereda.com.mx\/wp-content\/uploads\/2026\/04\/Paul-McCartney-man-on-the-run-e1769637412528-1160x700-1-300x181.jpeg 300w, https:\/\/lavereda.com.mx\/wp-content\/uploads\/2026\/04\/Paul-McCartney-man-on-the-run-e1769637412528-1160x700-1-1024x618.jpeg 1024w, https:\/\/lavereda.com.mx\/wp-content\/uploads\/2026\/04\/Paul-McCartney-man-on-the-run-e1769637412528-1160x700-1-768x463.jpeg 768w\" sizes=\"(max-width: 1160px) 100vw, 1160px\" \/><\/div>\n\t\t<\/a>\n\t\t\t\t<div class=\"elementor-post__text\">\n\t\t\t\t<h3 class=\"elementor-post__title\">\n\t\t\t<a href=\"https:\/\/lavereda.com.mx\/index.php\/2026\/04\/06\/man-on-the-run\/\" >\n\t\t\t\tMan on the run\t\t\t<\/a>\n\t\t<\/h3>\n\t\t\t\t<div class=\"elementor-post__meta-data\">\n\t\t\t\t\t<span class=\"elementor-post-date\">\n\t\t\t6 de abril de 2026\t\t<\/span>\n\t\t\t\t<\/div>\n\t\t\n\t\t<a class=\"elementor-post__read-more\" href=\"https:\/\/lavereda.com.mx\/index.php\/2026\/04\/06\/man-on-the-run\/\" aria-label=\"M\u00e1s informaci\u00f3n sobre Man on the run\" tabindex=\"-1\" >\n\t\t\tLeer m\u00e1s \u00bb\t\t<\/a>\n\n\t\t\t\t<\/div>\n\t\t\t\t<\/article>\n\t\t\t\t<article class=\"elementor-post elementor-grid-item post-7819 post type-post status-publish format-standard has-post-thumbnail hentry category-cinetv tag-cine entry\" role=\"listitem\">\n\t\t\t\t<a class=\"elementor-post__thumbnail__link\" href=\"https:\/\/lavereda.com.mx\/index.php\/2026\/04\/05\/the-strangers-chapter-3-2026\/\" tabindex=\"-1\" >\n\t\t\t<div class=\"elementor-post__thumbnail\"><img loading=\"lazy\" decoding=\"async\" width=\"1280\" height=\"720\" src=\"https:\/\/lavereda.com.mx\/wp-content\/uploads\/2026\/04\/TheStrangers.jpg\" class=\"attachment-full size-full wp-image-7820\" alt=\"\" srcset=\"https:\/\/lavereda.com.mx\/wp-content\/uploads\/2026\/04\/TheStrangers.jpg 1280w, https:\/\/lavereda.com.mx\/wp-content\/uploads\/2026\/04\/TheStrangers-300x169.jpg 300w, https:\/\/lavereda.com.mx\/wp-content\/uploads\/2026\/04\/TheStrangers-1024x576.jpg 1024w, https:\/\/lavereda.com.mx\/wp-content\/uploads\/2026\/04\/TheStrangers-768x432.jpg 768w\" sizes=\"(max-width: 1280px) 100vw, 1280px\" \/><\/div>\n\t\t<\/a>\n\t\t\t\t<div class=\"elementor-post__text\">\n\t\t\t\t<h3 class=\"elementor-post__title\">\n\t\t\t<a href=\"https:\/\/lavereda.com.mx\/index.php\/2026\/04\/05\/the-strangers-chapter-3-2026\/\" >\n\t\t\t\tThe Strangers: Chapter 3 (2026)\t\t\t<\/a>\n\t\t<\/h3>\n\t\t\t\t<div class=\"elementor-post__meta-data\">\n\t\t\t\t\t<span class=\"elementor-post-date\">\n\t\t\t5 de abril de 2026\t\t<\/span>\n\t\t\t\t<\/div>\n\t\t\n\t\t<a class=\"elementor-post__read-more\" href=\"https:\/\/lavereda.com.mx\/index.php\/2026\/04\/05\/the-strangers-chapter-3-2026\/\" aria-label=\"M\u00e1s informaci\u00f3n sobre The Strangers: Chapter 3 (2026)\" tabindex=\"-1\" >\n\t\t\tLeer m\u00e1s \u00bb\t\t<\/a>\n\n\t\t\t\t<\/div>\n\t\t\t\t<\/article>\n\t\t\t\t<\/div>\n\t\t\n\t\t\t\t\t\t<\/div>\n\t\t\t\t<\/div>\n\t\t\t\t\t<\/div>\n\t\t<\/div>\n\t\t\t\t\t<\/div>\n\t\t<\/section>\n\t\t\t\t<section class=\"elementor-section elementor-top-section elementor-element elementor-element-611271a elementor-section-boxed elementor-section-height-default elementor-section-height-default wpr-particle-no wpr-jarallax-no wpr-parallax-no wpr-sticky-section-no wpr-equal-height-no\" data-id=\"611271a\" data-element_type=\"section\" data-e-type=\"section\">\n\t\t\t\t\t\t<div class=\"elementor-container elementor-column-gap-default\">\n\t\t\t\t\t<div class=\"elementor-column elementor-col-66 elementor-top-column elementor-element elementor-element-4a2fed4\" data-id=\"4a2fed4\" data-element_type=\"column\" data-e-type=\"column\">\n\t\t\t<div class=\"elementor-widget-wrap elementor-element-populated\">\n\t\t\t\t\t\t<div class=\"elementor-element elementor-element-c7d14dd elementor-widget elementor-widget-heading\" data-id=\"c7d14dd\" data-element_type=\"widget\" data-e-type=\"widget\" data-widget_type=\"heading.default\">\n\t\t\t\t<div class=\"elementor-widget-container\">\n\t\t\t\t\t<h2 class=\"elementor-heading-title elementor-size-default\">LETRAS Y LIBROS<\/h2>\t\t\t\t<\/div>\n\t\t\t\t<\/div>\n\t\t\t\t<div class=\"elementor-element elementor-element-88febcb elementor-widget elementor-widget-wpr-magazine-grid\" data-id=\"88febcb\" data-element_type=\"widget\" data-e-type=\"widget\" data-widget_type=\"wpr-magazine-grid.default\">\n\t\t\t\t<div class=\"elementor-widget-container\">\n\t\t\t\t\t<div class=\"wpr-magazine-grid-wrap\"  data-slide-effect=\"\"><section class=\"wpr-magazine-grid wpr-mgzn-grid-4-h wpr-mgzn-grid-rows-1\"><article class=\"wpr-mgzn-grid-item elementor-clearfix post-7835 post type-post status-publish format-standard has-post-thumbnail hentry category-educacion category-letras-y-libros tag-coahuila tag-feria-del-libro entry\"><div class=\"wpr-grid-item-inner\"><div class=\"wpr-grid-media-wrap\" data-overlay-link=\"yes\"><div class=\"wpr-grid-image-wrap\" data-src=\"https:\/\/lavereda.com.mx\/wp-content\/uploads\/2026\/04\/003-LLEGA-A-TORREON-LA-FERIA-INTERNACIONAL-DEL-LIBRO-DE-COAHUILA-2026-POR-SEGUNDO-ANO.jpg\" style=\"background-image: url(https:\/\/lavereda.com.mx\/wp-content\/uploads\/2026\/04\/003-LLEGA-A-TORREON-LA-FERIA-INTERNACIONAL-DEL-LIBRO-DE-COAHUILA-2026-POR-SEGUNDO-ANO.jpg)\"><\/div><div class=\"wpr-grid-media-hover wpr-animation-wrap\"><div class=\"wpr-grid-media-hover-bg  wpr-overlay-fade-out wpr-anim-size-medium wpr-anim-timing-ease-default wpr-anim-transparency\" data-url=\"https:\/\/lavereda.com.mx\/index.php\/2026\/04\/11\/llega-a-torreon-la-feria-internacional-del-libro-de-coahuila\/\"><\/div><div class=\"wpr-grid-media-hover-bottom elementor-clearfix\"><h2 class=\"wpr-grid-item-title elementor-repeater-item-3c74660 wpr-grid-item-display-block wpr-grid-item-align-left wpr-pointer-none wpr-pointer-line-fx wpr-pointer-fx-fade\"><div class=\"inner-block\"><a  target=\"_self\"  href=\"https:\/\/lavereda.com.mx\/index.php\/2026\/04\/11\/llega-a-torreon-la-feria-internacional-del-libro-de-coahuila\/\">Llega a Torre\u00f3n la Feria Internacional del Libro de Coahuila<\/a><\/div><\/h2><div class=\"wpr-grid-item-separator elementor-repeater-item-1a7e3e6 wpr-grid-item-display-inline wpr-grid-item-align-left wpr-grid-sep-style-1\"><div class=\"inner-block\"><span><\/span><\/div><\/div><\/div><\/div><\/div><\/div><\/article><article class=\"wpr-mgzn-grid-item elementor-clearfix post-7831 post type-post status-publish format-standard has-post-thumbnail hentry category-educacion category-letras-y-libros tag-historia tag-sor-juana entry\"><div class=\"wpr-grid-item-inner\"><div class=\"wpr-grid-media-wrap\" data-overlay-link=\"yes\"><div class=\"wpr-grid-image-wrap\" data-src=\"https:\/\/lavereda.com.mx\/wp-content\/uploads\/2026\/04\/Libro-Sor-Juana.png\" style=\"background-image: url(https:\/\/lavereda.com.mx\/wp-content\/uploads\/2026\/04\/Libro-Sor-Juana.png)\"><\/div><div class=\"wpr-grid-media-hover wpr-animation-wrap\"><div class=\"wpr-grid-media-hover-bg  wpr-overlay-fade-out wpr-anim-size-medium wpr-anim-timing-ease-default wpr-anim-transparency\" data-url=\"https:\/\/lavereda.com.mx\/index.php\/2026\/04\/10\/me-encantaria-que-se-volviera-a-leer-a-sor-juana-pedro-j-fernandez\/\"><\/div><div class=\"wpr-grid-media-hover-bottom elementor-clearfix\"><h2 class=\"wpr-grid-item-title elementor-repeater-item-3c74660 wpr-grid-item-display-block wpr-grid-item-align-left wpr-pointer-none wpr-pointer-line-fx wpr-pointer-fx-fade\"><div class=\"inner-block\"><a  target=\"_self\"  href=\"https:\/\/lavereda.com.mx\/index.php\/2026\/04\/10\/me-encantaria-que-se-volviera-a-leer-a-sor-juana-pedro-j-fernandez\/\">\u201cMe encantar\u00eda que se volviera a leer a Sor Juana\u201d: Pedro J. Fern\u00e1ndez<\/a><\/div><\/h2><div class=\"wpr-grid-item-separator elementor-repeater-item-1a7e3e6 wpr-grid-item-display-inline wpr-grid-item-align-left wpr-grid-sep-style-1\"><div class=\"inner-block\"><span><\/span><\/div><\/div><\/div><\/div><\/div><\/div><\/article><article class=\"wpr-mgzn-grid-item elementor-clearfix post-7828 post type-post status-publish format-standard has-post-thumbnail hentry category-letras-y-libros tag-dia-mundial-del-libro tag-fil-guadalajara entry\"><div class=\"wpr-grid-item-inner\"><div class=\"wpr-grid-media-wrap\" data-overlay-link=\"yes\"><div class=\"wpr-grid-image-wrap\" data-src=\"https:\/\/lavereda.com.mx\/wp-content\/uploads\/2026\/04\/diaLibro.jpg\" style=\"background-image: url(https:\/\/lavereda.com.mx\/wp-content\/uploads\/2026\/04\/diaLibro.jpg)\"><\/div><div class=\"wpr-grid-media-hover wpr-animation-wrap\"><div class=\"wpr-grid-media-hover-bg  wpr-overlay-fade-out wpr-anim-size-medium wpr-anim-timing-ease-default wpr-anim-transparency\" data-url=\"https:\/\/lavereda.com.mx\/index.php\/2026\/04\/09\/fil-dedicara-lectura-a-juan-rulfo-en-el-dia-mundial-del-libro\/\"><\/div><div class=\"wpr-grid-media-hover-bottom elementor-clearfix\"><h2 class=\"wpr-grid-item-title elementor-repeater-item-3c74660 wpr-grid-item-display-block wpr-grid-item-align-left wpr-pointer-none wpr-pointer-line-fx wpr-pointer-fx-fade\"><div class=\"inner-block\"><a  target=\"_self\"  href=\"https:\/\/lavereda.com.mx\/index.php\/2026\/04\/09\/fil-dedicara-lectura-a-juan-rulfo-en-el-dia-mundial-del-libro\/\">FIL dedicar\u00e1 lectura a Juan Rulfo en el D\u00eda Mundial del Libro<\/a><\/div><\/h2><div class=\"wpr-grid-item-separator elementor-repeater-item-1a7e3e6 wpr-grid-item-display-inline wpr-grid-item-align-left wpr-grid-sep-style-1\"><div class=\"inner-block\"><span><\/span><\/div><\/div><\/div><\/div><\/div><\/div><\/article><article class=\"wpr-mgzn-grid-item elementor-clearfix post-7792 post type-post status-publish format-standard has-post-thumbnail hentry category-letras-y-libros entry\"><div class=\"wpr-grid-item-inner\"><div class=\"wpr-grid-media-wrap\" data-overlay-link=\"yes\"><div class=\"wpr-grid-image-wrap\" data-src=\"https:\/\/lavereda.com.mx\/wp-content\/uploads\/2026\/03\/La-infinita-aproximacion-portada-ok.png\" style=\"background-image: url(https:\/\/lavereda.com.mx\/wp-content\/uploads\/2026\/03\/La-infinita-aproximacion-portada-ok.png)\"><\/div><div class=\"wpr-grid-media-hover wpr-animation-wrap\"><div class=\"wpr-grid-media-hover-bg  wpr-overlay-fade-out wpr-anim-size-medium wpr-anim-timing-ease-default wpr-anim-transparency\" data-url=\"https:\/\/lavereda.com.mx\/index.php\/2026\/03\/27\/la-infinita-aproximacion-libro-de-ensayos-breves-de-nadia-contreras\/\"><\/div><div class=\"wpr-grid-media-hover-bottom elementor-clearfix\"><h2 class=\"wpr-grid-item-title elementor-repeater-item-3c74660 wpr-grid-item-display-block wpr-grid-item-align-left wpr-pointer-none wpr-pointer-line-fx wpr-pointer-fx-fade\"><div class=\"inner-block\"><a  target=\"_self\"  href=\"https:\/\/lavereda.com.mx\/index.php\/2026\/03\/27\/la-infinita-aproximacion-libro-de-ensayos-breves-de-nadia-contreras\/\">La infinita aproximaci\u00f3n, libro de ensayos breves de Nadia Contreras<\/a><\/div><\/h2><div class=\"wpr-grid-item-separator elementor-repeater-item-1a7e3e6 wpr-grid-item-display-inline wpr-grid-item-align-left wpr-grid-sep-style-1\"><div class=\"inner-block\"><span><\/span><\/div><\/div><\/div><\/div><\/div><\/div><\/article><\/section><\/div>\t\t\t\t<\/div>\n\t\t\t\t<\/div>\n\t\t\t\t\t<\/div>\n\t\t<\/div>\n\t\t\t\t<div class=\"elementor-column elementor-col-33 elementor-top-column elementor-element elementor-element-8fe53a3\" data-id=\"8fe53a3\" data-element_type=\"column\" data-e-type=\"column\" data-settings=\"{&quot;background_background&quot;:&quot;classic&quot;}\">\n\t\t\t<div class=\"elementor-widget-wrap elementor-element-populated\">\n\t\t\t\t\t<div class=\"elementor-background-overlay\"><\/div>\n\t\t\t\t\t\t<div class=\"elementor-element elementor-element-dd2f7cc elementor-widget elementor-widget-heading\" data-id=\"dd2f7cc\" data-element_type=\"widget\" data-e-type=\"widget\" data-widget_type=\"heading.default\">\n\t\t\t\t<div class=\"elementor-widget-container\">\n\t\t\t\t\t<h2 class=\"elementor-heading-title elementor-size-default\">M\u00daSICA<\/h2>\t\t\t\t<\/div>\n\t\t\t\t<\/div>\n\t\t\t\t<div class=\"elementor-element elementor-element-b0e4e6f elementor-grid-1 elementor-posts--thumbnail-none elementor-grid-tablet-2 elementor-grid-mobile-1 elementor-widget elementor-widget-posts\" data-id=\"b0e4e6f\" data-element_type=\"widget\" data-e-type=\"widget\" data-settings=\"{&quot;classic_columns&quot;:&quot;1&quot;,&quot;classic_row_gap&quot;:{&quot;unit&quot;:&quot;px&quot;,&quot;size&quot;:11,&quot;sizes&quot;:[]},&quot;classic_columns_tablet&quot;:&quot;2&quot;,&quot;classic_columns_mobile&quot;:&quot;1&quot;,&quot;classic_row_gap_tablet&quot;:{&quot;unit&quot;:&quot;px&quot;,&quot;size&quot;:&quot;&quot;,&quot;sizes&quot;:[]},&quot;classic_row_gap_mobile&quot;:{&quot;unit&quot;:&quot;px&quot;,&quot;size&quot;:&quot;&quot;,&quot;sizes&quot;:[]}}\" data-widget_type=\"posts.classic\">\n\t\t\t\t<div class=\"elementor-widget-container\">\n\t\t\t\t\t\t\t<div class=\"elementor-posts-container elementor-posts elementor-posts--skin-classic elementor-grid\" role=\"list\">\n\t\t\t\t<article class=\"elementor-post elementor-grid-item post-7825 post type-post status-publish format-standard has-post-thumbnail hentry category-musica tag-teatro-isauro-martinez entry\" role=\"listitem\">\n\t\t\t\t<div class=\"elementor-post__text\">\n\t\t\t\t<h3 class=\"elementor-post__title\">\n\t\t\t<a href=\"https:\/\/lavereda.com.mx\/index.php\/2026\/04\/08\/presentan-recital-de-flauta-y-piano\/\" >\n\t\t\t\tPresentan recital de flauta y piano\t\t\t<\/a>\n\t\t<\/h3>\n\t\t\t\t<div class=\"elementor-post__meta-data\">\n\t\t\t\t\t<span class=\"elementor-post-date\">\n\t\t\t8 de abril de 2026\t\t<\/span>\n\t\t\t\t<span class=\"elementor-post-avatar\">\n\t\t\tNo hay comentarios\t\t<\/span>\n\t\t\t\t<\/div>\n\t\t\n\t\t<a class=\"elementor-post__read-more\" href=\"https:\/\/lavereda.com.mx\/index.php\/2026\/04\/08\/presentan-recital-de-flauta-y-piano\/\" aria-label=\"M\u00e1s informaci\u00f3n sobre Presentan recital de flauta y piano\" tabindex=\"-1\" >\n\t\t\tLeer m\u00e1s \u00bb\t\t<\/a>\n\n\t\t\t\t<\/div>\n\t\t\t\t<\/article>\n\t\t\t\t<article class=\"elementor-post elementor-grid-item post-7758 post type-post status-publish format-standard has-post-thumbnail hentry category-equidad category-musica entry\" role=\"listitem\">\n\t\t\t\t<div class=\"elementor-post__text\">\n\t\t\t\t<h3 class=\"elementor-post__title\">\n\t\t\t<a href=\"https:\/\/lavereda.com.mx\/index.php\/2026\/03\/13\/ser-mujer-directora-ya-no-es-imposible-ines-rodriguez\/\" >\n\t\t\t\tSer mujer directora ya no es imposible: In\u00e9s Rodr\u00edguez\t\t\t<\/a>\n\t\t<\/h3>\n\t\t\t\t<div class=\"elementor-post__meta-data\">\n\t\t\t\t\t<span class=\"elementor-post-date\">\n\t\t\t13 de marzo de 2026\t\t<\/span>\n\t\t\t\t<span class=\"elementor-post-avatar\">\n\t\t\tNo hay comentarios\t\t<\/span>\n\t\t\t\t<\/div>\n\t\t\n\t\t<a class=\"elementor-post__read-more\" href=\"https:\/\/lavereda.com.mx\/index.php\/2026\/03\/13\/ser-mujer-directora-ya-no-es-imposible-ines-rodriguez\/\" aria-label=\"M\u00e1s informaci\u00f3n sobre Ser mujer directora ya no es imposible: In\u00e9s Rodr\u00edguez\" tabindex=\"-1\" >\n\t\t\tLeer m\u00e1s \u00bb\t\t<\/a>\n\n\t\t\t\t<\/div>\n\t\t\t\t<\/article>\n\t\t\t\t<article class=\"elementor-post elementor-grid-item post-7750 post type-post status-publish format-standard has-post-thumbnail hentry category-musica entry\" role=\"listitem\">\n\t\t\t\t<div class=\"elementor-post__text\">\n\t\t\t\t<h3 class=\"elementor-post__title\">\n\t\t\t<a href=\"https:\/\/lavereda.com.mx\/index.php\/2026\/03\/12\/la-osijut-prepara-el-concierto-tempestad-y-bravura\/\" >\n\t\t\t\tLa OSIJUT prepara el concierto \u00abTempestad y Bravura\u00bb\t\t\t<\/a>\n\t\t<\/h3>\n\t\t\t\t<div class=\"elementor-post__meta-data\">\n\t\t\t\t\t<span class=\"elementor-post-date\">\n\t\t\t12 de marzo de 2026\t\t<\/span>\n\t\t\t\t<span class=\"elementor-post-avatar\">\n\t\t\tNo hay comentarios\t\t<\/span>\n\t\t\t\t<\/div>\n\t\t\n\t\t<a class=\"elementor-post__read-more\" href=\"https:\/\/lavereda.com.mx\/index.php\/2026\/03\/12\/la-osijut-prepara-el-concierto-tempestad-y-bravura\/\" aria-label=\"M\u00e1s informaci\u00f3n sobre La OSIJUT prepara el concierto \u00abTempestad y Bravura\u00bb\" tabindex=\"-1\" >\n\t\t\tLeer m\u00e1s \u00bb\t\t<\/a>\n\n\t\t\t\t<\/div>\n\t\t\t\t<\/article>\n\t\t\t\t<article class=\"elementor-post elementor-grid-item post-7722 post type-post status-publish format-standard has-post-thumbnail hentry category-musica entry\" role=\"listitem\">\n\t\t\t\t<div class=\"elementor-post__text\">\n\t\t\t\t<h3 class=\"elementor-post__title\">\n\t\t\t<a href=\"https:\/\/lavereda.com.mx\/index.php\/2026\/03\/06\/camerata-de-coahuila-no-participara-en-concierto-de-yandel-sinfonico\/\" >\n\t\t\t\tCamerata de Coahuila no participar\u00e1 en concierto de Yandel Sinf\u00f3nico\t\t\t<\/a>\n\t\t<\/h3>\n\t\t\t\t<div class=\"elementor-post__meta-data\">\n\t\t\t\t\t<span class=\"elementor-post-date\">\n\t\t\t6 de marzo de 2026\t\t<\/span>\n\t\t\t\t<span class=\"elementor-post-avatar\">\n\t\t\tNo hay comentarios\t\t<\/span>\n\t\t\t\t<\/div>\n\t\t\n\t\t<a class=\"elementor-post__read-more\" href=\"https:\/\/lavereda.com.mx\/index.php\/2026\/03\/06\/camerata-de-coahuila-no-participara-en-concierto-de-yandel-sinfonico\/\" aria-label=\"M\u00e1s informaci\u00f3n sobre Camerata de Coahuila no participar\u00e1 en concierto de Yandel Sinf\u00f3nico\" tabindex=\"-1\" >\n\t\t\tLeer m\u00e1s \u00bb\t\t<\/a>\n\n\t\t\t\t<\/div>\n\t\t\t\t<\/article>\n\t\t\t\t<article class=\"elementor-post elementor-grid-item post-7698 post type-post status-publish format-standard has-post-thumbnail hentry category-musica tag-camerata-de-coahuila tag-juan-gabriel tag-teatro-nazas entry\" role=\"listitem\">\n\t\t\t\t<div class=\"elementor-post__text\">\n\t\t\t\t<h3 class=\"elementor-post__title\">\n\t\t\t<a href=\"https:\/\/lavereda.com.mx\/index.php\/2026\/02\/22\/reviven-el-recuerdo-y-la-melancolia-de-juan-gabriel\/\" >\n\t\t\t\tReviven el recuerdo y la melancol\u00eda de Juan Gabriel\t\t\t<\/a>\n\t\t<\/h3>\n\t\t\t\t<div class=\"elementor-post__meta-data\">\n\t\t\t\t\t<span class=\"elementor-post-date\">\n\t\t\t22 de febrero de 2026\t\t<\/span>\n\t\t\t\t<span class=\"elementor-post-avatar\">\n\t\t\tNo hay comentarios\t\t<\/span>\n\t\t\t\t<\/div>\n\t\t\n\t\t<a class=\"elementor-post__read-more\" href=\"https:\/\/lavereda.com.mx\/index.php\/2026\/02\/22\/reviven-el-recuerdo-y-la-melancolia-de-juan-gabriel\/\" aria-label=\"M\u00e1s informaci\u00f3n sobre Reviven el recuerdo y la melancol\u00eda de Juan Gabriel\" tabindex=\"-1\" >\n\t\t\tLeer m\u00e1s \u00bb\t\t<\/a>\n\n\t\t\t\t<\/div>\n\t\t\t\t<\/article>\n\t\t\t\t<\/div>\n\t\t\n\t\t\t\t\t\t<\/div>\n\t\t\t\t<\/div>\n\t\t\t\t\t<\/div>\n\t\t<\/div>\n\t\t\t\t\t<\/div>\n\t\t<\/section>\n\t\t\t\t<section class=\"elementor-section elementor-top-section elementor-element elementor-element-f3c31ea elementor-section-boxed elementor-section-height-default elementor-section-height-default wpr-particle-no wpr-jarallax-no wpr-parallax-no wpr-sticky-section-no wpr-equal-height-no\" data-id=\"f3c31ea\" data-element_type=\"section\" data-e-type=\"section\">\n\t\t\t\t\t\t<div class=\"elementor-container elementor-column-gap-default\">\n\t\t\t\t\t<div class=\"elementor-column elementor-col-33 elementor-top-column elementor-element elementor-element-9706538\" data-id=\"9706538\" data-element_type=\"column\" data-e-type=\"column\">\n\t\t\t<div class=\"elementor-widget-wrap elementor-element-populated\">\n\t\t\t\t\t\t<div class=\"elementor-element elementor-element-c366fe4 elementor-widget elementor-widget-heading\" data-id=\"c366fe4\" data-element_type=\"widget\" data-e-type=\"widget\" data-widget_type=\"heading.default\">\n\t\t\t\t<div class=\"elementor-widget-container\">\n\t\t\t\t\t<h2 class=\"elementor-heading-title elementor-size-default\">OPINION<\/h2>\t\t\t\t<\/div>\n\t\t\t\t<\/div>\n\t\t\t\t<div class=\"elementor-element elementor-element-320e5c6 elementor-grid-1 elementor-posts--thumbnail-none elementor-grid-tablet-2 elementor-grid-mobile-1 elementor-widget elementor-widget-posts\" data-id=\"320e5c6\" data-element_type=\"widget\" data-e-type=\"widget\" data-settings=\"{&quot;classic_columns&quot;:&quot;1&quot;,&quot;classic_row_gap&quot;:{&quot;unit&quot;:&quot;px&quot;,&quot;size&quot;:11,&quot;sizes&quot;:[]},&quot;classic_columns_tablet&quot;:&quot;2&quot;,&quot;classic_columns_mobile&quot;:&quot;1&quot;,&quot;classic_row_gap_tablet&quot;:{&quot;unit&quot;:&quot;px&quot;,&quot;size&quot;:&quot;&quot;,&quot;sizes&quot;:[]},&quot;classic_row_gap_mobile&quot;:{&quot;unit&quot;:&quot;px&quot;,&quot;size&quot;:&quot;&quot;,&quot;sizes&quot;:[]}}\" data-widget_type=\"posts.classic\">\n\t\t\t\t<div class=\"elementor-widget-container\">\n\t\t\t\t\t\t\t<div class=\"elementor-posts-container elementor-posts elementor-posts--skin-classic elementor-grid\" role=\"list\">\n\t\t\t\t<article class=\"elementor-post elementor-grid-item post-7878 post type-post status-publish format-standard has-post-thumbnail hentry category-lomasrelevante category-opinion tag-danza tag-libros tag-teatro entry\" role=\"listitem\">\n\t\t\t\t<div class=\"elementor-post__text\">\n\t\t\t\t<h3 class=\"elementor-post__title\">\n\t\t\t<a href=\"https:\/\/lavereda.com.mx\/index.php\/2026\/04\/26\/a-la-hora-del-cafe-16\/\" >\n\t\t\t\tA la hora del caf\u00e9\t\t\t<\/a>\n\t\t<\/h3>\n\t\t\t\t<div class=\"elementor-post__meta-data\">\n\t\t\t\t\t<span class=\"elementor-post-date\">\n\t\t\t26 de abril de 2026\t\t<\/span>\n\t\t\t\t<span class=\"elementor-post-avatar\">\n\t\t\tNo hay comentarios\t\t<\/span>\n\t\t\t\t<\/div>\n\t\t\t\t<\/div>\n\t\t\t\t<\/article>\n\t\t\t\t<article class=\"elementor-post elementor-grid-item post-7140 post type-post status-publish format-standard has-post-thumbnail hentry category-opinion tag-julieta-fierro entry\" role=\"listitem\">\n\t\t\t\t<div class=\"elementor-post__text\">\n\t\t\t\t<h3 class=\"elementor-post__title\">\n\t\t\t<a href=\"https:\/\/lavereda.com.mx\/index.php\/2025\/09\/21\/a-la-hora-del-cafe-14\/\" >\n\t\t\t\tA la hora del caf\u00e9\t\t\t<\/a>\n\t\t<\/h3>\n\t\t\t\t<div class=\"elementor-post__meta-data\">\n\t\t\t\t\t<span class=\"elementor-post-date\">\n\t\t\t21 de septiembre de 2025\t\t<\/span>\n\t\t\t\t<span class=\"elementor-post-avatar\">\n\t\t\tNo hay comentarios\t\t<\/span>\n\t\t\t\t<\/div>\n\t\t\t\t<\/div>\n\t\t\t\t<\/article>\n\t\t\t\t<article class=\"elementor-post elementor-grid-item post-6954 post type-post status-publish format-standard has-post-thumbnail hentry category-musica category-opinion entry\" role=\"listitem\">\n\t\t\t\t<div class=\"elementor-post__text\">\n\t\t\t\t<h3 class=\"elementor-post__title\">\n\t\t\t<a href=\"https:\/\/lavereda.com.mx\/index.php\/2025\/06\/28\/shade-y-el-diletante\/\" >\n\t\t\t\tShade y el diletante\t\t\t<\/a>\n\t\t<\/h3>\n\t\t\t\t<div class=\"elementor-post__meta-data\">\n\t\t\t\t\t<span class=\"elementor-post-date\">\n\t\t\t28 de junio de 2025\t\t<\/span>\n\t\t\t\t<span class=\"elementor-post-avatar\">\n\t\t\tNo hay comentarios\t\t<\/span>\n\t\t\t\t<\/div>\n\t\t\t\t<\/div>\n\t\t\t\t<\/article>\n\t\t\t\t<article class=\"elementor-post elementor-grid-item post-6568 post type-post status-publish format-standard has-post-thumbnail hentry category-lomasrelevante category-opinion category-sociedad tag-feminicidio tag-gomez-palacio tag-violencia-de-genero entry\" role=\"listitem\">\n\t\t\t\t<div class=\"elementor-post__text\">\n\t\t\t\t<h3 class=\"elementor-post__title\">\n\t\t\t<a href=\"https:\/\/lavereda.com.mx\/index.php\/2025\/02\/21\/asesinato-en-un-jetta\/\" >\n\t\t\t\tAsesinato en un Jetta\t\t\t<\/a>\n\t\t<\/h3>\n\t\t\t\t<div class=\"elementor-post__meta-data\">\n\t\t\t\t\t<span class=\"elementor-post-date\">\n\t\t\t21 de febrero de 2025\t\t<\/span>\n\t\t\t\t<span class=\"elementor-post-avatar\">\n\t\t\tNo hay comentarios\t\t<\/span>\n\t\t\t\t<\/div>\n\t\t\t\t<\/div>\n\t\t\t\t<\/article>\n\t\t\t\t<article class=\"elementor-post elementor-grid-item post-6469 post type-post status-publish format-standard has-post-thumbnail hentry category-lomasrelevante category-opinion tag-literatura tag-navidad entry\" role=\"listitem\">\n\t\t\t\t<div class=\"elementor-post__text\">\n\t\t\t\t<h3 class=\"elementor-post__title\">\n\t\t\t<a href=\"https:\/\/lavereda.com.mx\/index.php\/2024\/12\/23\/navidades-dispersas-memorias-reunidas\/\" >\n\t\t\t\tNavidades dispersas, memorias reunidas\t\t\t<\/a>\n\t\t<\/h3>\n\t\t\t\t<div class=\"elementor-post__meta-data\">\n\t\t\t\t\t<span class=\"elementor-post-date\">\n\t\t\t23 de diciembre de 2024\t\t<\/span>\n\t\t\t\t<span class=\"elementor-post-avatar\">\n\t\t\tNo hay comentarios\t\t<\/span>\n\t\t\t\t<\/div>\n\t\t\t\t<\/div>\n\t\t\t\t<\/article>\n\t\t\t\t<\/div>\n\t\t\n\t\t\t\t\t\t<\/div>\n\t\t\t\t<\/div>\n\t\t\t\t\t<\/div>\n\t\t<\/div>\n\t\t\t\t<div class=\"elementor-column elementor-col-66 elementor-top-column elementor-element elementor-element-002ecae\" data-id=\"002ecae\" data-element_type=\"column\" data-e-type=\"column\">\n\t\t\t<div class=\"elementor-widget-wrap elementor-element-populated\">\n\t\t\t\t\t\t<div class=\"elementor-element elementor-element-785a047 elementor-widget elementor-widget-heading\" data-id=\"785a047\" data-element_type=\"widget\" data-e-type=\"widget\" data-widget_type=\"heading.default\">\n\t\t\t\t<div class=\"elementor-widget-container\">\n\t\t\t\t\t<h2 class=\"elementor-heading-title elementor-size-default\">SOCIEDAD<\/h2>\t\t\t\t<\/div>\n\t\t\t\t<\/div>\n\t\t\t\t<div class=\"elementor-element elementor-element-53b1046 elementor-widget elementor-widget-wpr-magazine-grid\" data-id=\"53b1046\" data-element_type=\"widget\" data-e-type=\"widget\" data-widget_type=\"wpr-magazine-grid.default\">\n\t\t\t\t<div class=\"elementor-widget-container\">\n\t\t\t\t\t<div class=\"wpr-magazine-grid-wrap\"  data-slide-effect=\"\"><section class=\"wpr-magazine-grid wpr-mgzn-grid-3-h wpr-mgzn-grid-rows-1\"><article class=\"wpr-mgzn-grid-item elementor-clearfix post-7813 post type-post status-publish format-standard has-post-thumbnail hentry category-sociedad tag-cuaresma tag-semana-santa entry\"><div class=\"wpr-grid-item-inner\"><div class=\"wpr-grid-media-wrap\" data-overlay-link=\"yes\"><div class=\"wpr-grid-image-wrap\" data-src=\"https:\/\/lavereda.com.mx\/wp-content\/uploads\/2026\/04\/Semana-Santa-en-Mexico-Tradicion-fe-y-pasion-que-viven-generaciones.jpg\" style=\"background-image: url(https:\/\/lavereda.com.mx\/wp-content\/uploads\/2026\/04\/Semana-Santa-en-Mexico-Tradicion-fe-y-pasion-que-viven-generaciones.jpg)\"><\/div><div class=\"wpr-grid-media-hover wpr-animation-wrap\"><div class=\"wpr-grid-media-hover-bg  wpr-overlay-fade-out wpr-anim-size-medium wpr-anim-timing-ease-default wpr-anim-transparency\" data-url=\"https:\/\/lavereda.com.mx\/index.php\/2026\/04\/01\/cuaresma-triduo-pascual-y-vacaciones\/\"><\/div><div class=\"wpr-grid-media-hover-bottom elementor-clearfix\"><h2 class=\"wpr-grid-item-title elementor-repeater-item-3c74660 wpr-grid-item-display-block wpr-grid-item-align-left wpr-pointer-none wpr-pointer-line-fx wpr-pointer-fx-fade\"><div class=\"inner-block\"><a  target=\"_self\"  href=\"https:\/\/lavereda.com.mx\/index.php\/2026\/04\/01\/cuaresma-triduo-pascual-y-vacaciones\/\">Cuaresma, triduo pascual y vacaciones<\/a><\/div><\/h2><div class=\"wpr-grid-item-separator elementor-repeater-item-1a7e3e6 wpr-grid-item-display-inline wpr-grid-item-align-left wpr-grid-sep-style-1\"><div class=\"inner-block\"><span><\/span><\/div><\/div><\/div><\/div><\/div><\/div><\/article><article class=\"wpr-mgzn-grid-item elementor-clearfix post-7809 post type-post status-publish format-standard has-post-thumbnail hentry category-entretenimiento category-lomasrelevante category-sociedad tag-semana-santa tag-vacaciones entry\"><div class=\"wpr-grid-item-inner\"><div class=\"wpr-grid-media-wrap\" data-overlay-link=\"yes\"><div class=\"wpr-grid-image-wrap\" data-src=\"https:\/\/lavereda.com.mx\/wp-content\/uploads\/2026\/03\/008-ESTAS-VACACIONES-VISITA-LOS-PUEBLOS-MAGICOS-DE-COAHUILA-MANOLO.jpg\" style=\"background-image: url(https:\/\/lavereda.com.mx\/wp-content\/uploads\/2026\/03\/008-ESTAS-VACACIONES-VISITA-LOS-PUEBLOS-MAGICOS-DE-COAHUILA-MANOLO.jpg)\"><\/div><div class=\"wpr-grid-media-hover wpr-animation-wrap\"><div class=\"wpr-grid-media-hover-bg  wpr-overlay-fade-out wpr-anim-size-medium wpr-anim-timing-ease-default wpr-anim-transparency\" data-url=\"https:\/\/lavereda.com.mx\/index.php\/2026\/03\/29\/vacaciones-en-los-pueblos-magicos-de-coahuila\/\"><\/div><div class=\"wpr-grid-media-hover-bottom elementor-clearfix\"><h2 class=\"wpr-grid-item-title elementor-repeater-item-3c74660 wpr-grid-item-display-block wpr-grid-item-align-left wpr-pointer-none wpr-pointer-line-fx wpr-pointer-fx-fade\"><div class=\"inner-block\"><a  target=\"_self\"  href=\"https:\/\/lavereda.com.mx\/index.php\/2026\/03\/29\/vacaciones-en-los-pueblos-magicos-de-coahuila\/\">Vacaciones en los pueblos m\u00e1gicos de Coahuila<\/a><\/div><\/h2><div class=\"wpr-grid-item-separator elementor-repeater-item-1a7e3e6 wpr-grid-item-display-inline wpr-grid-item-align-left wpr-grid-sep-style-1\"><div class=\"inner-block\"><span><\/span><\/div><\/div><\/div><\/div><\/div><\/div><\/article><article class=\"wpr-mgzn-grid-item elementor-clearfix post-7783 post type-post status-publish format-standard has-post-thumbnail hentry category-sociedad tag-semana-santa tag-viesca entry\"><div class=\"wpr-grid-item-inner\"><div class=\"wpr-grid-media-wrap\" data-overlay-link=\"yes\"><div class=\"wpr-grid-image-wrap\" data-src=\"https:\/\/lavereda.com.mx\/wp-content\/uploads\/2026\/03\/Viesca.jpg\" style=\"background-image: url(https:\/\/lavereda.com.mx\/wp-content\/uploads\/2026\/03\/Viesca.jpg)\"><\/div><div class=\"wpr-grid-media-hover wpr-animation-wrap\"><div class=\"wpr-grid-media-hover-bg  wpr-overlay-fade-out wpr-anim-size-medium wpr-anim-timing-ease-default wpr-anim-transparency\" data-url=\"https:\/\/lavereda.com.mx\/index.php\/2026\/03\/23\/viesca-se-prepara-para-la-procesion-del-silencio-2026\/\"><\/div><div class=\"wpr-grid-media-hover-bottom elementor-clearfix\"><h2 class=\"wpr-grid-item-title elementor-repeater-item-3c74660 wpr-grid-item-display-block wpr-grid-item-align-left wpr-pointer-none wpr-pointer-line-fx wpr-pointer-fx-fade\"><div class=\"inner-block\"><a  target=\"_self\"  href=\"https:\/\/lavereda.com.mx\/index.php\/2026\/03\/23\/viesca-se-prepara-para-la-procesion-del-silencio-2026\/\">Viesca se prepara para la Procesi\u00f3n del Silencio 2026<\/a><\/div><\/h2><div class=\"wpr-grid-item-separator elementor-repeater-item-1a7e3e6 wpr-grid-item-display-inline wpr-grid-item-align-left wpr-grid-sep-style-1\"><div class=\"inner-block\"><span><\/span><\/div><\/div><\/div><\/div><\/div><\/div><\/article><\/section><\/div>\t\t\t\t<\/div>\n\t\t\t\t<\/div>\n\t\t\t\t\t<\/div>\n\t\t<\/div>\n\t\t\t\t\t<\/div>\n\t\t<\/section>\n\t\t\t\t<section class=\"elementor-section elementor-top-section elementor-element elementor-element-78b6600 elementor-section-boxed elementor-section-height-default elementor-section-height-default wpr-particle-no wpr-jarallax-no wpr-parallax-no wpr-sticky-section-no wpr-equal-height-no\" data-id=\"78b6600\" data-element_type=\"section\" data-e-type=\"section\">\n\t\t\t\t\t\t<div class=\"elementor-container elementor-column-gap-default\">\n\t\t\t\t\t<div class=\"elementor-column elementor-col-100 elementor-top-column elementor-element elementor-element-6015389\" data-id=\"6015389\" data-element_type=\"column\" data-e-type=\"column\">\n\t\t\t<div class=\"elementor-widget-wrap elementor-element-populated\">\n\t\t\t\t\t\t<div class=\"elementor-element elementor-element-b694346 elementor-widget elementor-widget-heading\" data-id=\"b694346\" data-element_type=\"widget\" data-e-type=\"widget\" data-widget_type=\"heading.default\">\n\t\t\t\t<div class=\"elementor-widget-container\">\n\t\t\t\t\t<h2 class=\"elementor-heading-title elementor-size-default\">EQUIDAD Y AGENDA<\/h2>\t\t\t\t<\/div>\n\t\t\t\t<\/div>\n\t\t\t\t<div class=\"elementor-element elementor-element-6819c33 elementor-widget elementor-widget-wpr-magazine-grid\" data-id=\"6819c33\" data-element_type=\"widget\" data-e-type=\"widget\" data-widget_type=\"wpr-magazine-grid.default\">\n\t\t\t\t<div class=\"elementor-widget-container\">\n\t\t\t\t\t<div class=\"wpr-magazine-grid-wrap\"  data-slide-effect=\"\"><section class=\"wpr-magazine-grid wpr-mgzn-grid-3-h wpr-mgzn-grid-rows-1\"><article class=\"wpr-mgzn-grid-item elementor-clearfix post-7758 post type-post status-publish format-standard has-post-thumbnail hentry category-equidad category-musica entry\"><div class=\"wpr-grid-item-inner\"><div class=\"wpr-grid-media-wrap\" data-overlay-link=\"yes\"><div class=\"wpr-grid-image-wrap\" data-src=\"https:\/\/lavereda.com.mx\/wp-content\/uploads\/2026\/03\/WhatsApp-Image-2026-03-09-at-1.13.57-PM.jpeg\" style=\"background-image: url(https:\/\/lavereda.com.mx\/wp-content\/uploads\/2026\/03\/WhatsApp-Image-2026-03-09-at-1.13.57-PM.jpeg)\"><\/div><div class=\"wpr-grid-media-hover wpr-animation-wrap\"><div class=\"wpr-grid-media-hover-bg  wpr-overlay-fade-out wpr-anim-size-medium wpr-anim-timing-ease-default wpr-anim-transparency\" data-url=\"https:\/\/lavereda.com.mx\/index.php\/2026\/03\/13\/ser-mujer-directora-ya-no-es-imposible-ines-rodriguez\/\"><\/div><div class=\"wpr-grid-media-hover-bottom elementor-clearfix\"><h2 class=\"wpr-grid-item-title elementor-repeater-item-3c74660 wpr-grid-item-display-block wpr-grid-item-align-left wpr-pointer-none wpr-pointer-line-fx wpr-pointer-fx-fade\"><div class=\"inner-block\"><a  target=\"_self\"  href=\"https:\/\/lavereda.com.mx\/index.php\/2026\/03\/13\/ser-mujer-directora-ya-no-es-imposible-ines-rodriguez\/\">Ser mujer directora ya no es imposible: In\u00e9s Rodr\u00edguez<\/a><\/div><\/h2><div class=\"wpr-grid-item-separator elementor-repeater-item-1a7e3e6 wpr-grid-item-display-inline wpr-grid-item-align-left wpr-grid-sep-style-1\"><div class=\"inner-block\"><span><\/span><\/div><\/div><\/div><\/div><\/div><\/div><\/article><article class=\"wpr-mgzn-grid-item elementor-clearfix post-7730 post type-post status-publish format-standard has-post-thumbnail hentry category-equidad entry\"><div class=\"wpr-grid-item-inner\"><div class=\"wpr-grid-media-wrap\" data-overlay-link=\"yes\"><div class=\"wpr-grid-image-wrap\" data-src=\"https:\/\/lavereda.com.mx\/wp-content\/uploads\/2026\/03\/WhatsApp-Image-2026-03-06-at-1.36.38-PM.jpeg\" style=\"background-image: url(https:\/\/lavereda.com.mx\/wp-content\/uploads\/2026\/03\/WhatsApp-Image-2026-03-06-at-1.36.38-PM.jpeg)\"><\/div><div class=\"wpr-grid-media-hover wpr-animation-wrap\"><div class=\"wpr-grid-media-hover-bg  wpr-overlay-fade-out wpr-anim-size-medium wpr-anim-timing-ease-default wpr-anim-transparency\" data-url=\"https:\/\/lavereda.com.mx\/index.php\/2026\/03\/08\/recorrido-de-la-marcha-del-8m\/\"><\/div><div class=\"wpr-grid-media-hover-bottom elementor-clearfix\"><h2 class=\"wpr-grid-item-title elementor-repeater-item-3c74660 wpr-grid-item-display-block wpr-grid-item-align-left wpr-pointer-none wpr-pointer-line-fx wpr-pointer-fx-fade\"><div class=\"inner-block\"><a  target=\"_self\"  href=\"https:\/\/lavereda.com.mx\/index.php\/2026\/03\/08\/recorrido-de-la-marcha-del-8m\/\">Recorrido de la marcha del 8M<\/a><\/div><\/h2><div class=\"wpr-grid-item-separator elementor-repeater-item-1a7e3e6 wpr-grid-item-display-inline wpr-grid-item-align-left wpr-grid-sep-style-1\"><div class=\"inner-block\"><span><\/span><\/div><\/div><\/div><\/div><\/div><\/div><\/article><article class=\"wpr-mgzn-grid-item elementor-clearfix post-7432 post type-post status-publish format-standard has-post-thumbnail hentry category-equidad category-musica entry\"><div class=\"wpr-grid-item-inner\"><div class=\"wpr-grid-media-wrap\" data-overlay-link=\"yes\"><div class=\"wpr-grid-image-wrap\" data-src=\"https:\/\/lavereda.com.mx\/wp-content\/uploads\/2026\/01\/direccion-maestra-ines-rodriguez-pedraza.jpg\" style=\"background-image: url(https:\/\/lavereda.com.mx\/wp-content\/uploads\/2026\/01\/direccion-maestra-ines-rodriguez-pedraza.jpg)\"><\/div><div class=\"wpr-grid-media-hover wpr-animation-wrap\"><div class=\"wpr-grid-media-hover-bg  wpr-overlay-fade-out wpr-anim-size-medium wpr-anim-timing-ease-default wpr-anim-transparency\" data-url=\"https:\/\/lavereda.com.mx\/index.php\/2026\/01\/21\/para-nosotros-es-muy-importante-traer-una-directora-a-camerata\/\"><\/div><div class=\"wpr-grid-media-hover-bottom elementor-clearfix\"><h2 class=\"wpr-grid-item-title elementor-repeater-item-3c74660 wpr-grid-item-display-block wpr-grid-item-align-left wpr-pointer-none wpr-pointer-line-fx wpr-pointer-fx-fade\"><div class=\"inner-block\"><a  target=\"_self\"  href=\"https:\/\/lavereda.com.mx\/index.php\/2026\/01\/21\/para-nosotros-es-muy-importante-traer-una-directora-a-camerata\/\">\u201cPara nosotros es muy importante traer una directora a Camerata\u201d<\/a><\/div><\/h2><div class=\"wpr-grid-item-separator elementor-repeater-item-1a7e3e6 wpr-grid-item-display-inline wpr-grid-item-align-left wpr-grid-sep-style-1\"><div class=\"inner-block\"><span><\/span><\/div><\/div><\/div><\/div><\/div><\/div><\/article><\/section><\/div>\t\t\t\t<\/div>\n\t\t\t\t<\/div>\n\t\t\t\t\t<\/div>\n\t\t<\/div>\n\t\t\t\t\t<\/div>\n\t\t<\/section>\n\t\t\t\t<section class=\"elementor-section elementor-top-section elementor-element elementor-element-1388519 elementor-section-content-middle elementor-section-boxed elementor-section-height-default elementor-section-height-default wpr-particle-no wpr-jarallax-no wpr-parallax-no wpr-sticky-section-no wpr-equal-height-no\" data-id=\"1388519\" data-element_type=\"section\" data-e-type=\"section\" data-settings=\"{&quot;background_background&quot;:&quot;classic&quot;}\">\n\t\t\t\t\t\t<div class=\"elementor-container elementor-column-gap-no\">\n\t\t\t\t\t<div class=\"elementor-column elementor-col-50 elementor-top-column elementor-element elementor-element-f008156\" data-id=\"f008156\" data-element_type=\"column\" data-e-type=\"column\">\n\t\t\t<div class=\"elementor-widget-wrap elementor-element-populated\">\n\t\t\t\t\t\t<div class=\"elementor-element elementor-element-69cdac7 elementor-icon-list--layout-inline elementor-mobile-align-center elementor-list-item-link-full_width elementor-widget elementor-widget-icon-list\" data-id=\"69cdac7\" data-element_type=\"widget\" data-e-type=\"widget\" data-widget_type=\"icon-list.default\">\n\t\t\t\t<div class=\"elementor-widget-container\">\n\t\t\t\t\t\t\t<ul class=\"elementor-icon-list-items elementor-inline-items\">\n\t\t\t\t\t\t\t<li class=\"elementor-icon-list-item elementor-inline-item\">\n\t\t\t\t\t\t\t\t\t\t\t<a href=\"https:\/\/lavereda.com.mx\/index.php\/quienes-somos\/\">\n\n\t\t\t\t\t\t\t\t\t\t\t<span class=\"elementor-icon-list-text\">QUIENES SOMOS<\/span>\n\t\t\t\t\t\t\t\t\t\t\t<\/a>\n\t\t\t\t\t\t\t\t\t<\/li>\n\t\t\t\t\t\t\t\t<li class=\"elementor-icon-list-item elementor-inline-item\">\n\t\t\t\t\t\t\t\t\t\t\t<a href=\"https:\/\/lavereda.com.mx\/index.php\/colaboraciones\/\">\n\n\t\t\t\t\t\t\t\t\t\t\t\t<span class=\"elementor-icon-list-icon\">\n\t\t\t\t\t\t\t<i aria-hidden=\"true\" class=\"fas fa-dot-circle\"><\/i>\t\t\t\t\t\t<\/span>\n\t\t\t\t\t\t\t\t\t\t<span class=\"elementor-icon-list-text\">COLABORA CON NOSOTROS<\/span>\n\t\t\t\t\t\t\t\t\t\t\t<\/a>\n\t\t\t\t\t\t\t\t\t<\/li>\n\t\t\t\t\t\t\t\t<li class=\"elementor-icon-list-item elementor-inline-item\">\n\t\t\t\t\t\t\t\t\t\t\t<a href=\"https:\/\/lavereda.com.mx\/index.php\/aviso-de-privacidad\/\">\n\n\t\t\t\t\t\t\t\t\t\t\t\t<span class=\"elementor-icon-list-icon\">\n\t\t\t\t\t\t\t<i aria-hidden=\"true\" class=\"fas fa-dot-circle\"><\/i>\t\t\t\t\t\t<\/span>\n\t\t\t\t\t\t\t\t\t\t<span class=\"elementor-icon-list-text\">AVISO DE PRIVACIDAD<\/span>\n\t\t\t\t\t\t\t\t\t\t\t<\/a>\n\t\t\t\t\t\t\t\t\t<\/li>\n\t\t\t\t\t\t\t\t<li class=\"elementor-icon-list-item elementor-inline-item\">\n\t\t\t\t\t\t\t\t\t\t\t<a href=\"https:\/\/lavereda.com.mx\/index.php\/media-kit\">\n\n\t\t\t\t\t\t\t\t\t\t\t\t<span class=\"elementor-icon-list-icon\">\n\t\t\t\t\t\t\t<i aria-hidden=\"true\" class=\"fas fa-dot-circle\"><\/i>\t\t\t\t\t\t<\/span>\n\t\t\t\t\t\t\t\t\t\t<span class=\"elementor-icon-list-text\">MEDIA KIT<\/span>\n\t\t\t\t\t\t\t\t\t\t\t<\/a>\n\t\t\t\t\t\t\t\t\t<\/li>\n\t\t\t\t\t\t<\/ul>\n\t\t\t\t\t\t<\/div>\n\t\t\t\t<\/div>\n\t\t\t\t\t<\/div>\n\t\t<\/div>\n\t\t\t\t<div class=\"elementor-column elementor-col-50 elementor-top-column elementor-element elementor-element-9edb9a4\" data-id=\"9edb9a4\" data-element_type=\"column\" data-e-type=\"column\">\n\t\t\t<div class=\"elementor-widget-wrap elementor-element-populated\">\n\t\t\t\t\t\t<div class=\"elementor-element elementor-element-1e27099 e-grid-align-right e-grid-align-tablet-center elementor-shape-rounded elementor-grid-0 elementor-widget elementor-widget-social-icons\" data-id=\"1e27099\" data-element_type=\"widget\" data-e-type=\"widget\" data-widget_type=\"social-icons.default\">\n\t\t\t\t<div class=\"elementor-widget-container\">\n\t\t\t\t\t\t\t<div class=\"elementor-social-icons-wrapper elementor-grid\" role=\"list\">\n\t\t\t\t\t\t\t<span class=\"elementor-grid-item\" role=\"listitem\">\n\t\t\t\t\t<a class=\"elementor-icon elementor-social-icon elementor-social-icon-facebook elementor-repeater-item-88e63f3\" href=\"https:\/\/www.facebook.com\/RevistaLaVereda\" target=\"_blank\">\n\t\t\t\t\t\t<span class=\"elementor-screen-only\">Facebook<\/span>\n\t\t\t\t\t\t<i aria-hidden=\"true\" class=\"fab fa-facebook\"><\/i>\t\t\t\t\t<\/a>\n\t\t\t\t<\/span>\n\t\t\t\t\t\t\t<span class=\"elementor-grid-item\" role=\"listitem\">\n\t\t\t\t\t<a class=\"elementor-icon elementor-social-icon elementor-social-icon-x-twitter elementor-repeater-item-e4057d1\" href=\"https:\/\/twitter.com\/vereda_revista\" target=\"_blank\">\n\t\t\t\t\t\t<span class=\"elementor-screen-only\">X-twitter<\/span>\n\t\t\t\t\t\t<i aria-hidden=\"true\" class=\"fab fa-x-twitter\"><\/i>\t\t\t\t\t<\/a>\n\t\t\t\t<\/span>\n\t\t\t\t\t<\/div>\n\t\t\t\t\t\t<\/div>\n\t\t\t\t<\/div>\n\t\t\t\t\t<\/div>\n\t\t<\/div>\n\t\t\t\t\t<\/div>\n\t\t<\/section>\n\t\t\t\t<\/div>\n\t\t","protected":false},"excerpt":{"rendered":"<p>QUIENES SOMOS COLABORA CON NOSOTROS AVISO DE PRIVACIDAD MEDIA KIT Facebook X-twitter \u00daLTIMAS NOTICIAS Euphoria 25 de abril de 2026 Invitan a celebrar el D\u00eda Internacional de la Danza 25<\/p>\n","protected":false},"author":1,"featured_media":0,"parent":0,"menu_order":0,"comment_status":"closed","ping_status":"closed","template":"elementor_canvas","meta":{"footnotes":""},"class_list":["post-6726","page","type-page","status-publish","hentry","entry"],"_links":{"self":[{"href":"https:\/\/lavereda.com.mx\/index.php\/wp-json\/wp\/v2\/pages\/6726","targetHints":{"allow":["GET"]}}],"collection":[{"href":"https:\/\/lavereda.com.mx\/index.php\/wp-json\/wp\/v2\/pages"}],"about":[{"href":"https:\/\/lavereda.com.mx\/index.php\/wp-json\/wp\/v2\/types\/page"}],"author":[{"embeddable":true,"href":"https:\/\/lavereda.com.mx\/index.php\/wp-json\/wp\/v2\/users\/1"}],"replies":[{"embeddable":true,"href":"https:\/\/lavereda.com.mx\/index.php\/wp-json\/wp\/v2\/comments?post=6726"}],"version-history":[{"count":124,"href":"https:\/\/lavereda.com.mx\/index.php\/wp-json\/wp\/v2\/pages\/6726\/revisions"}],"predecessor-version":[{"id":7877,"href":"https:\/\/lavereda.com.mx\/index.php\/wp-json\/wp\/v2\/pages\/6726\/revisions\/7877"}],"wp:attachment":[{"href":"https:\/\/lavereda.com.mx\/index.php\/wp-json\/wp\/v2\/media?parent=6726"}],"curies":[{"name":"wp","href":"https:\/\/api.w.org\/{rel}","templated":true}]}}